{"id":642,"date":"2011-10-03T18:02:42","date_gmt":"2011-10-03T16:02:42","guid":{"rendered":"http:\/\/www.steinmannverlag.de\/wordpress\/neuerscheinungen\/"},"modified":"2025-06-20T16:45:21","modified_gmt":"2025-06-20T14:45:21","slug":"neuerscheinungen","status":"publish","type":"page","link":"https:\/\/www.steinmannverlag.de\/wordpress\/neuerscheinungen\/","title":{"rendered":"Neuerscheinungen"},"content":{"rendered":"<div><strong>Sabine Sommerkamp<\/strong><\/div>\n<div><em><strong>LICHTGEDANKEN<br \/>\n<\/strong><\/em>Gedichte<br \/>\nMit einem Vorwort von Bisch\u00f6fin Kirsten Fehrs und Beitr\u00e4gen<br \/>\nvon R\u00fcdiger Jung und Michael Batz<\/div>\n<div><em>2025. 96 Seiten. Gebunden. \u20ac 16,80<br \/>\n<\/em><\/div>\n<div>ISBN 978-3-927043-94-7<\/div>\n<div><em><a href=\"https:\/\/www.sommerkamp-lichtgedanken.de\/bestellung\/\" target=\"_blank\" rel=\"noopener\"><strong>Buch bestellen<\/strong><\/a><\/em><\/p>\n<\/div>\n<p><a href=\"https:\/\/www.steinmannverlag.de\/wordpress\/wp-content\/uploads\/2025\/06\/Cover_Sommerkamp_Lichtgedanken-1.jpg\"><img decoding=\"async\" loading=\"lazy\" class=\"alignnone size-full wp-image-2107\" src=\"https:\/\/www.steinmannverlag.de\/wordpress\/wp-content\/uploads\/2025\/06\/Cover_Sommerkamp_Lichtgedanken-1.jpg\" alt=\"Cover Sommerkamp Lichtgedanken\" width=\"203\" height=\"307\" srcset=\"https:\/\/www.steinmannverlag.de\/wordpress\/wp-content\/uploads\/2025\/06\/Cover_Sommerkamp_Lichtgedanken-1.jpg 203w, https:\/\/www.steinmannverlag.de\/wordpress\/wp-content\/uploads\/2025\/06\/Cover_Sommerkamp_Lichtgedanken-1-198x300.jpg 198w, https:\/\/www.steinmannverlag.de\/wordpress\/wp-content\/uploads\/2025\/06\/Cover_Sommerkamp_Lichtgedanken-1-179x270.jpg 179w\" sizes=\"(max-width: 203px) 100vw, 203px\" \/><\/a><\/p>\n<p>&#8222;Viele Entdeckungen w\u00fcnsche ich Ihnen beim Lesen. M\u00f6ge die Botschaft vom Licht in all seinen Facetten Ihre Hoffnung hell werden lassen und weit.&#8220;<br \/>\n<i>Bisch\u00f6fin Kirsten Fehrs<\/i><\/p>\n<p><a href=\"https:\/\/www.steinmannverlag.de\/wordpress\/buecher\/lichtgedanken\/\">Buchbesprechung<\/a><\/p>\n<hr \/>\n<div><strong>Ulrich Tietze (Hrsg.)<\/strong><\/div>\n<div><em><strong>W\u00fcste: Magische Momente<br \/>\n<\/strong><\/em>Erfahrungen, Gedichte, Geschichten<\/div>\n<div><em>2025. 212 Seiten. Paperback. \u20ac 24,80<br \/>\n<\/em><\/div>\n<div>ISBN 978-3-927043-96-1<\/div>\n<div><em><em><em><em><em><a href=\"https:\/\/steinmannverlag-buchbestellungen.de\/ulrich-tietze-hrsg-wueste-magische-momente\/\" target=\"_blank\" rel=\"noopener\"><strong>Buch bestellen<\/strong><\/a><\/em><\/em><\/em><\/em><\/em><\/p>\n<\/div>\n<p><a href=\"https:\/\/www.steinmannverlag.de\/wordpress\/wp-content\/uploads\/2025\/02\/Cover-Wueste-Magische-Momente.jpg\"><img decoding=\"async\" loading=\"lazy\" class=\"alignnone size-full wp-image-2083\" src=\"https:\/\/www.steinmannverlag.de\/wordpress\/wp-content\/uploads\/2025\/02\/Cover-Wueste-Magische-Momente.jpg\" alt=\"Cover W\u00fcste - Magische Momente\" width=\"203\" height=\"292\" srcset=\"https:\/\/www.steinmannverlag.de\/wordpress\/wp-content\/uploads\/2025\/02\/Cover-Wueste-Magische-Momente.jpg 203w, https:\/\/www.steinmannverlag.de\/wordpress\/wp-content\/uploads\/2025\/02\/Cover-Wueste-Magische-Momente-188x270.jpg 188w\" sizes=\"(max-width: 203px) 100vw, 203px\" \/><\/a><\/p>\n<p>\u00bbDie W\u00fcste hat mein Leben ver\u00e4ndert.\u00ab Ein Sehnsuchtsort, eine extreme Landschaft, eine au\u00dfergew\u00f6hnliche Herausforderung: W\u00fcste \u2013 immer wieder neu, immer wieder spannend, vor allem beim Wandern mit Beduinen und N\u00e4chten unter dem Sternenzelt.<\/p>\n<p><a href=\"https:\/\/www.steinmannverlag.de\/wordpress\/buecher\/wueste-magische-momente\/\">Buchbesprechung<\/a><\/p>\n<hr \/>\n<div><strong>Dorothee D\u00f6ring<\/strong><\/div>\n<div><em><strong>Leben in Balance<\/strong><\/em><\/div>\n<div>Mit heiterer Gelassenheit den Widrigkeiten des Alltags begegnen<\/div>\n<div><em>2025. 148 Seiten. Paperback. \u20ac 19,80<br \/>\n<\/em><\/div>\n<div><em>ISBN 978-3-927043-93-0<\/em><\/div>\n<div><em><em><em><em><em><a href=\"https:\/\/steinmannverlag-buchbestellungen.de\/dorothee-doering-leben-in-balance\/\" target=\"_blank\" rel=\"noopener\"><strong>Buch bestellen<\/strong><\/a><\/em><\/em><\/em><\/em><\/em><\/p>\n<\/div>\n<p><a href=\"https:\/\/www.steinmannverlag.de\/wordpress\/wp-content\/uploads\/2025\/01\/Cover-Dorothee-Doering-Leben-in-Balance.jpg\"><img decoding=\"async\" loading=\"lazy\" class=\"alignnone wp-image-2044 size-full\" src=\"https:\/\/www.steinmannverlag.de\/wordpress\/wp-content\/uploads\/2025\/01\/Cover-Dorothee-Doering-Leben-in-Balance.jpg\" alt=\"Cover Dorothee Doering - Leben in Balance\" width=\"203\" height=\"302\" srcset=\"https:\/\/www.steinmannverlag.de\/wordpress\/wp-content\/uploads\/2025\/01\/Cover-Dorothee-Doering-Leben-in-Balance.jpg 203w, https:\/\/www.steinmannverlag.de\/wordpress\/wp-content\/uploads\/2025\/01\/Cover-Dorothee-Doering-Leben-in-Balance-202x300.jpg 202w, https:\/\/www.steinmannverlag.de\/wordpress\/wp-content\/uploads\/2025\/01\/Cover-Dorothee-Doering-Leben-in-Balance-181x270.jpg 181w\" sizes=\"(max-width: 203px) 100vw, 203px\" \/><\/a><\/p>\n<p>&#8222;Unsere Welt ist komplex und kompliziert geworden. Das moderne\u00a0Leben ist hektisch und erzeugt Stress. Tempo und Komplexit\u00e4t in\u00a0der Arbeitswelt \u2013 insbesondere die Arbeits\u00adver\u00addichtung \u2013 nehmen\u00a0permanent zu. Bei der Freizeitplanung sieht es nicht anders aus.\u00a0Alles muss erlebt werden, \u00fcberall m\u00f6chte man dabei sein, nichts\u00a0m\u00f6chte man verpassen &#8230;<\/p>\n<p>Weil ich in meinen Seminaren und Workshops so vielen gestressten Menschen begegne, ist es mir ein Anliegen zu zeigen, wie jeder es lernen kann, sein Leben in Balance zu halten. Sie finden in diesem Ratgeber praktikable, alltagstaugliche Anregungen, die Sie dabei unter\u00adst\u00fctzen, sich gegen die kleinen und gro\u00dfen Widrigkeiten des Alltags zu wappnen.&#8220; (Aus der Einf\u00fchrung von Dorothee D\u00f6ring)<\/p>\n<p><a href=\"https:\/\/www.steinmannverlag.de\/wordpress\/buecher\/leben-in-balance\/\">Buchbesprechung<\/a><\/p>\n<hr \/>\n<div><strong>J\u00fcrgen Wehrs<br \/>\n<\/strong><\/div>\n<div><em><strong>Matthias Claudius und Freund Hain<br \/>\n<\/strong><\/em><\/div>\n<div>Die Kunst, sich den Tod zum Freund zu machen<\/div>\n<div><em>2024. 112 Seiten. Paperback. \u20ac 18,80<br \/>\n<\/em><\/div>\n<div><em>ISBN 978-3-927043-92-3<br \/>\n<\/em><\/div>\n<div><em><em><em><em><a href=\"https:\/\/steinmannverlag-buchbestellungen.de\/juergen-wehrs-matthias-claudius-und-freund-hain\/\" target=\"_blank\" rel=\"noopener\"><strong>Buch bestellen<\/strong><\/a><\/em><\/em><\/em><\/em><\/p>\n<\/div>\n<p><a href=\"https:\/\/www.steinmannverlag.de\/wordpress\/wp-content\/uploads\/2024\/08\/Cover-Matthias-Claudius-und-Freund-Hain.jpg\"><img decoding=\"async\" loading=\"lazy\" class=\"alignnone size-full wp-image-1992\" src=\"https:\/\/www.steinmannverlag.de\/wordpress\/wp-content\/uploads\/2024\/08\/Cover-Matthias-Claudius-und-Freund-Hain.jpg\" alt=\"Cover Matthias Claudius und Freund Hain\" width=\"203\" height=\"293\" srcset=\"https:\/\/www.steinmannverlag.de\/wordpress\/wp-content\/uploads\/2024\/08\/Cover-Matthias-Claudius-und-Freund-Hain.jpg 203w, https:\/\/www.steinmannverlag.de\/wordpress\/wp-content\/uploads\/2024\/08\/Cover-Matthias-Claudius-und-Freund-Hain-187x270.jpg 187w\" sizes=\"(max-width: 203px) 100vw, 203px\" \/><\/a><\/p>\n<p style=\"text-align: left;\">Matthis Claudius (1740 \u2013 1815) war ein besonderer Dichter, der allt\u00e4gliche und weiterreichende Lebensfragen in seiner Dichtung verarbeitete. Dazu geh\u00f6rte nat\u00fcrlich auch der Tod, mit dem er sein Leben lang konfrontiert war. Um den Tod nicht nur als eine anonyme Instanz zu betrachten, mit der man eigentlich nichts zu tun haben m\u00f6chte, machte der Dichter aus und bei unterschiedlichen Anl\u00e4ssen seine eigenen Ann\u00e4herungsversuche. Der wichtigste Versuch dieser Art dabei war, dass er dem Tod einen Namen gab: Freund Hain. Diese Todesmetapher wurde zu einem Markenzeichen im Werk von Matthias Claudius, der im \u00dcbrigen ein lebenszugewandter und lebensfroher Mensch war.<\/p>\n<p><a href=\"https:\/\/www.steinmannverlag.de\/wordpress\/buecher\/matthias-claudius-und-freund-hain\/\">Buchbesprechung<\/a><\/p>\n<hr \/>\n<div><strong>Reinhard Lindenhahn<\/strong><\/div>\n<div><em><strong>DER TURM DER BLAUEN PFERDE<\/strong><\/em><\/div>\n<div>Roman um Franz Marcs verschollenes Jahrhundertwerk<\/div>\n<div><em>2024. 224 Seiten. Paperback. \u20ac 18,80<br \/>\n<\/em><\/div>\n<div><em>ISBN 978-3-927043-91-6<\/em><\/div>\n<div><em><em><em><em><a href=\"https:\/\/steinmannverlag-buchbestellungen.de\/reinhard-lindenhahn-der-turm-der-blauen-pferde\/\" target=\"_blank\" rel=\"noopener\"><strong>Buch bestellen<\/strong><\/a><\/em><\/em><\/em><\/em><\/p>\n<\/div>\n<p><a href=\"https:\/\/www.steinmannverlag.de\/wordpress\/wp-content\/uploads\/2024\/07\/Cover-Der-Turm-der-blauen-Pferde.jpg\"><img decoding=\"async\" loading=\"lazy\" class=\"alignnone wp-image-1979 size-full\" src=\"https:\/\/www.steinmannverlag.de\/wordpress\/wp-content\/uploads\/2024\/07\/Cover-Der-Turm-der-blauen-Pferde.jpg\" alt=\"Cover Der Turm der blauen Pferde\" width=\"203\" height=\"319\" srcset=\"https:\/\/www.steinmannverlag.de\/wordpress\/wp-content\/uploads\/2024\/07\/Cover-Der-Turm-der-blauen-Pferde.jpg 203w, https:\/\/www.steinmannverlag.de\/wordpress\/wp-content\/uploads\/2024\/07\/Cover-Der-Turm-der-blauen-Pferde-191x300.jpg 191w, https:\/\/www.steinmannverlag.de\/wordpress\/wp-content\/uploads\/2024\/07\/Cover-Der-Turm-der-blauen-Pferde-172x270.jpg 172w\" sizes=\"(max-width: 203px) 100vw, 203px\" \/><\/a><\/p>\n<p style=\"text-align: left;\">Spannend wie ein Krimi und gleichzeitig informativ wie ein Sachbuch beleuchtet der Roman die Geschichte eines Jahrhundertwerks und gleichzeitig wesentliche Str\u00f6mungen von Kunst, Literatur und Gesellschaft der damaligen Zeit.<\/p>\n<p><a href=\"https:\/\/www.steinmannverlag.de\/wordpress\/buecher\/der-turm-der-blauen-pferde\/\">Buchbesprechung<\/a><\/p>\n<hr \/>\n<div><strong>Martin Ost<\/strong><\/div>\n<div><em><strong>&#8222;ES ZIEMT SICH NICHT, IHNEN DIE HAND ZU REICHEN!&#8220;<br \/>\n<\/strong><\/em>Grenzen des Miteinander<strong><br \/>\n<\/strong>Bekennende Kirche gegen Deutsche Christen in Berlin-Lichterfelde<\/div>\n<div><em>2024. 316 Seiten. Paperback. \u20ac 24,80<br \/>\n<\/em><\/div>\n<div><em>ISBN 978-3-927043-89-3<br \/>\n<\/em><\/div>\n<div><em><em><em><em><a href=\"https:\/\/steinmannverlag-buchbestellungen.de\/martin-ost-es-ziemt-sich-nicht-ihnen-die-hand-zu-reichen\/\" target=\"_blank\" rel=\"noopener\"><strong>Buch bestellen<\/strong><\/a><\/em><\/em><\/em><\/em><\/p>\n<\/div>\n<p><a href=\"https:\/\/www.steinmannverlag.de\/wordpress\/wp-content\/uploads\/2024\/06\/Cover-klein-ES-ZIEMT-SICH-NICHT-IHNEN-DIE-HAND-ZU-REICHEN-1.jpg\"><img decoding=\"async\" loading=\"lazy\" class=\"wp-image-1974 size-full\" src=\"https:\/\/www.steinmannverlag.de\/wordpress\/wp-content\/uploads\/2024\/06\/Cover-klein-ES-ZIEMT-SICH-NICHT-IHNEN-DIE-HAND-ZU-REICHEN-1.jpg\" alt=\"Cover - ES ZIEMT SICH NICHT, IHNEN DIE HAND ZU REICHEN\" width=\"203\" height=\"292\" srcset=\"https:\/\/www.steinmannverlag.de\/wordpress\/wp-content\/uploads\/2024\/06\/Cover-klein-ES-ZIEMT-SICH-NICHT-IHNEN-DIE-HAND-ZU-REICHEN-1.jpg 203w, https:\/\/www.steinmannverlag.de\/wordpress\/wp-content\/uploads\/2024\/06\/Cover-klein-ES-ZIEMT-SICH-NICHT-IHNEN-DIE-HAND-ZU-REICHEN-1-188x270.jpg 188w\" sizes=\"(max-width: 203px) 100vw, 203px\" \/><\/a><\/p>\n<p style=\"text-align: left;\">Dieses Buch ist ein Versuch, \u00fcber das Miteinander von Menschen nachzudenken &#8211; in historischer Hinsicht und mit ganz konkretem Gegenwartsbezug. Es erz\u00e4hlt von zwei Pfarrern an derselben Kirche in Berlin-Lichterfelde zur Zeit des Nationalsozialismus als Teil der beiden kontroversen Gruppen (&#8222;Bekennende Kirche&#8220; und &#8222;Deutsche Christen&#8220;). Vor dem Hintergrund erstorbener Gespr\u00e4che und aufgek\u00fcndigter Gemeinschaft in unseren Tagen fragt dieses Buch auch nach Ursachen des Schweigens und danach, wie man trotz Differenzen im Gespr\u00e4ch bleiben kann.<\/p>\n<p><a href=\"https:\/\/www.steinmannverlag.de\/wordpress\/buecher\/es-ziemt-sich-nicht-ihnen-die-hand-zu-reichen\/\">Buchbesprechung<\/a><\/p>\n<hr \/>\n<div style=\"text-align: left;\"><strong>Joachim Plesse<br \/>\n<em>Buchholz \/ Aller Band 2<\/em><\/strong><br \/>\n<em>Geschichte(n) eines Dorfes im Heidekreis<\/em><em><br \/>\n2024. <\/em><em>552 Seiten mit div. Farbabbildungen. Hardcover runder R\u00fccken.<\/em><em> \u20ac 58,00.<br \/>\n<\/em><strong><br \/>\n<\/strong><\/div>\n<p><a href=\"https:\/\/www.steinmannverlag.de\/wordpress\/wp-content\/uploads\/2024\/04\/Cover-Chronik-Buchholz-Aller-Band-2-klein.jpg\"><img decoding=\"async\" loading=\"lazy\" class=\"alignnone size-full wp-image-1807\" src=\"https:\/\/www.steinmannverlag.de\/wordpress\/wp-content\/uploads\/2024\/04\/Cover-Chronik-Buchholz-Aller-Band-2-klein.jpg\" alt=\"Cover Chronik Buchholz Aller Band 2\" width=\"170\" height=\"232\" \/><\/a><\/p>\n<p><a href=\"https:\/\/www.steinmannverlag.de\/wordpress\/buecher\/buchholz-aller-band-2\/\">Buchbesprechung<\/a><\/p>\n<hr \/>\n<div><strong>Thorsten Jacobi<\/strong><\/div>\n<div><em><strong>Die blauschwarze Macht &#8211; Zur Gotteskrise der Gegenwart<\/strong><\/em><\/div>\n<div><em>2024. 88 Seiten. Paperback. \u20ac 14,80<br \/>\n<\/em><\/div>\n<div><em>ISBN 978-3-927043-90-9<br \/>\n<\/em><\/div>\n<div><em><em><em><a href=\"https:\/\/steinmannverlag-buchbestellungen.de\/thorsten-jacobi-die-blauschwarze-macht\/\" target=\"_blank\" rel=\"noopener\"><strong>Buch bestellen<\/strong><\/a><\/em><\/em><\/em><\/p>\n<\/div>\n<p><a href=\"https:\/\/www.steinmannverlag.de\/wordpress\/wp-content\/uploads\/2024\/04\/Cover_Die-Blauschwarze-Macht_Klein.jpg\"><img decoding=\"async\" loading=\"lazy\" class=\"alignnone size-full wp-image-1738\" src=\"https:\/\/www.steinmannverlag.de\/wordpress\/wp-content\/uploads\/2024\/04\/Cover_Die-Blauschwarze-Macht_Klein.jpg\" alt=\"Cover - Die blauschwarze Macht\" width=\"203\" height=\"322\" srcset=\"https:\/\/www.steinmannverlag.de\/wordpress\/wp-content\/uploads\/2024\/04\/Cover_Die-Blauschwarze-Macht_Klein.jpg 203w, https:\/\/www.steinmannverlag.de\/wordpress\/wp-content\/uploads\/2024\/04\/Cover_Die-Blauschwarze-Macht_Klein-189x300.jpg 189w\" sizes=\"(max-width: 203px) 100vw, 203px\" \/><\/a><\/p>\n<p style=\"text-align: left;\">Gott ist die Macht, die sein und nicht sein kann. Dass sie das Verm\u00f6gen zu beidem hat, macht ihre Allmacht aus. Wer Gott nur das Sein zugesteht, raubt seiner Macht das, was diese zur Allmacht werden l\u00e4sst: dass Gott auch nicht sein kann. Dass er ins Nichtsein verfallen kann, ohne die M\u00f6glichkeit zu verlieren, wieder ins Sein zu treten. Das g\u00f6ttliche Blau mischt sich mit dem nichtigen Schwarz, nicht damit es sich darin verliert, sondern dass es aus ihm hervorzutreten vermag.<\/p>\n<p><a href=\"https:\/\/www.steinmannverlag.de\/wordpress\/buecher\/die-blauschwarze-macht\/\">Buchbesprechung<\/a><\/p>\n<hr \/>\n<div><strong>Burkhart Mecking<\/strong><\/div>\n<div><em><strong>Luther und Faust<\/strong><\/em><\/div>\n<div><em>2023. 332 Seiten. Gebunden. \u20ac 42,80<br \/>\n<\/em><\/div>\n<div><em>ISBN 978-3-927043-88-6<\/em><\/div>\n<div><em><em><em><a href=\"https:\/\/steinmannverlag-buchbestellungen.de\/burkhart-mecking-luther-und-faust\/\" target=\"_blank\" rel=\"noopener\"><strong>Buch bestellen<\/strong><\/a><\/em><\/em><\/em><\/p>\n<\/div>\n<p><a href=\"https:\/\/www.steinmannverlag.de\/wordpress\/wp-content\/uploads\/2023\/12\/Cover.jpg\"><img decoding=\"async\" loading=\"lazy\" class=\"alignnone size-full wp-image-1722\" src=\"https:\/\/www.steinmannverlag.de\/wordpress\/wp-content\/uploads\/2023\/12\/Cover.jpg\" alt=\"Cover - Luther und Faust\" width=\"203\" height=\"290\" \/><\/a><\/p>\n<p style=\"text-align: left;\">Menschliche F\u00e4higkeiten und M\u00f6glichkeiten bedingungslos wahrzunehmen und auszunutzen, oder die Grenzen des Lebens anzuerkennen und religi\u00f6s einzuordnen, bleibt ein grunds\u00e4tzlicher Gegensatz in der Lebensgestaltung, der immer neu bedacht und ausgehandelt werden muss. Die Ausgestaltungen des Faust-Mythos bieten den Stoff, der zu theologischen Aussagen Luthers in Beziehung gesetzt werden kann. Gr\u00f6\u00dferen Raum nehmen dabei Goethes Faust und der Doktor Faustus von Thomas Mann ein.<\/p>\n<p><a href=\"https:\/\/www.steinmannverlag.de\/wordpress\/buecher\/luther-und-faust\/\">Buchbesprechung<\/a><\/p>\n<hr \/>\n<div><strong>Hg. Wolfgang Bootz und Peter Godzik<\/strong><\/div>\n<div><em><strong>Das abenteuerliche Leben des Hans Uhthoff<\/strong><\/em><\/div>\n<div><em>Eine Biografie<\/em><\/div>\n<div><em>2023. 238 Seiten. Paperback. \u20ac 24,80<\/em><\/div>\n<div><em>ISBN 978-3-927043-84-8<\/em><\/div>\n<div><em><strong><a href=\"https:\/\/steinmannverlag-buchbestellungen.de\/hg-wolfgang-bootz-und-peter-godzik-das-abenteuerliche-leben-des-hans-uhthoff\/\" target=\"_blank\" rel=\"noopener\">Buch bestellen<\/a><br \/>\n<\/strong><br \/>\n<\/em><\/div>\n<p><a href=\"https:\/\/www.steinmannverlag.de\/wordpress\/wp-content\/uploads\/2023\/10\/Cover-Uhthoff-klein.jpg\"><img decoding=\"async\" loading=\"lazy\" class=\"alignnone wp-image-1712 size-full\" src=\"https:\/\/www.steinmannverlag.de\/wordpress\/wp-content\/uploads\/2023\/10\/Cover-Uhthoff-klein.jpg\" alt=\"Cover - Das abenteuerliche Leben des Hans Uhthoff\" width=\"203\" height=\"325\" srcset=\"https:\/\/www.steinmannverlag.de\/wordpress\/wp-content\/uploads\/2023\/10\/Cover-Uhthoff-klein.jpg 203w, https:\/\/www.steinmannverlag.de\/wordpress\/wp-content\/uploads\/2023\/10\/Cover-Uhthoff-klein-187x300.jpg 187w\" sizes=\"(max-width: 203px) 100vw, 203px\" \/><\/a><\/p>\n<p style=\"text-align: left;\">Ein sehr wechselvolles, ereignisreiches Leben beschreibt Hans Uhthoff in seiner Autobiografie; spannend zu lesen, immer wieder bewegend und auch heraus\u00adfordernd, weil die pers\u00f6nlichen und weltgeschichtlichen Bez\u00fcge in ihrem existentiellen Verwobensein beispielhaften Ausdruck finden. Wolfgang Bootz und Peter Godzik sei f\u00fcr die Herausgabe des Buches gedankt.<\/p>\n<p><a href=\"https:\/\/www.steinmannverlag.de\/wordpress\/buecher\/das-abenteuerliche-leben-des-hans-uhthoff\/\">Buchbesprechung<\/a><\/p>\n<hr \/>\n<div><strong>Kerstin Zieris<br \/>\n<em>Trauer heilen<\/em><\/strong><br \/>\n<em>Wie ich zur\u00fcck ins Leben fand<\/em><br \/>\n<em>2023. <\/em><em>388 Seiten. Paperback.<\/em><em> \u20ac 27,80.<\/em><\/div>\n<div><em>ISBN 978-3-927043-86-2<br \/>\n<strong><a href=\"https:\/\/steinmannverlag-buchbestellungen.de\/kerstin-zieris-trauer-heilen\/\" target=\"_blank\" rel=\"noopener\">Buch bestellen<\/a><br \/>\n<\/strong><br \/>\n<\/em><\/div>\n<p><a href=\"http:\/\/www.steinmannverlag.de\/wordpress\/wp-content\/uploads\/2011\/10\/Cover-Trauer-heilen.jpg\"><img decoding=\"async\" loading=\"lazy\" class=\"alignnone size-full wp-image-1643\" src=\"http:\/\/www.steinmannverlag.de\/wordpress\/wp-content\/uploads\/2011\/10\/Cover-Trauer-heilen.jpg\" alt=\"Cover Trauer heilen\" width=\"203\" height=\"324\" srcset=\"https:\/\/www.steinmannverlag.de\/wordpress\/wp-content\/uploads\/2011\/10\/Cover-Trauer-heilen.jpg 203w, https:\/\/www.steinmannverlag.de\/wordpress\/wp-content\/uploads\/2011\/10\/Cover-Trauer-heilen-188x300.jpg 188w\" sizes=\"(max-width: 203px) 100vw, 203px\" \/><\/a><\/p>\n<p style=\"text-align: left;\">Kerstin Zieris erz\u00e4hlt in Form von 11 Briefen, die an ihre ganz pl\u00f6tzlich verstorbene j\u00fcngere Schwester Birte Dronsek gerichtet sind, wie sie ihre Trauer heilen konnte. Die dort beschriebenen Wege haben ihr geholfen, ganzheitlich K\u00f6rper, Geist und Seele erfolgreich zu therapieren.<\/p>\n<p style=\"text-align: left;\">&#8222;Jeder Mensch ist einzigartig&#8220;, sagt Kerstin Zieris, &#8222;hat seine eigene Wahrnehmung, besitzt seine eigenen Verarbeitungsstrategien und gesundet auf individuelle Weise. Vielleicht mag die eine oder andere Umgehensweise mit meiner Trauer in diesem Buch eine Hilfe f\u00fcr andere Menschen darstellen, die sich in einem \u00e4hnlichen Entwicklungsprozess befinden. F\u00fcr mich selbst bedeuten diese Briefe an meine verstorbene Schwester eine W\u00fcrdigung meiner Trauerarbeit und deren Integration in mein jetziges Leben.&#8220;<\/p>\n<p><a href=\"http:\/\/www.steinmannverlag.de\/wordpress\/buecher\/trauer-heilen\/\">Buchbesprechung<\/a><\/p>\n<hr \/>\n<div><strong>Werner M. Ruschke<br \/>\n<em>Pest, Cholera und Corona in der Belletristik<\/em><\/strong><br \/>\n<em>Wege der Verantwortung<\/em><br \/>\n<em>2022. <\/em><em>156 Seiten. Paperback.<\/em><em> \u20ac 16,80.<\/em><\/div>\n<div><em>ISBN 978-3-927043-87-9<br \/>\n<\/em><\/div>\n<div><strong><strong><strong><a href=\"https:\/\/steinmannverlag-buchbestellungen.de\/werner-m-ruschke-pest-cholera-und-corona-in-der-belletristik\/\" target=\"_blank\" rel=\"noopener\">Buch bestellen<\/a><\/strong><\/strong><\/strong><\/p>\n<\/div>\n<p><a href=\"http:\/\/www.steinmannverlag.de\/wordpress\/wp-content\/uploads\/2011\/10\/Cover_Pest_Cholera-und-Corona-in-der-Belletristik.jpg\"><img decoding=\"async\" loading=\"lazy\" class=\"alignnone size-full wp-image-1626\" src=\"http:\/\/www.steinmannverlag.de\/wordpress\/wp-content\/uploads\/2011\/10\/Cover_Pest_Cholera-und-Corona-in-der-Belletristik.jpg\" alt=\"Cover_Pest_Cholera und Corona in der Belletristik\" width=\"203\" height=\"328\" srcset=\"https:\/\/www.steinmannverlag.de\/wordpress\/wp-content\/uploads\/2011\/10\/Cover_Pest_Cholera-und-Corona-in-der-Belletristik.jpg 203w, https:\/\/www.steinmannverlag.de\/wordpress\/wp-content\/uploads\/2011\/10\/Cover_Pest_Cholera-und-Corona-in-der-Belletristik-186x300.jpg 186w\" sizes=\"(max-width: 203px) 100vw, 203px\" \/><\/a><\/p>\n<p style=\"text-align: left;\">Epidemien bedrohen seit jeher das Leben Einzelner und verunsichern das gesellschaftliche Miteinander. In derart krisenhaften Zeiten brechen Span\u00adnungen und Gegens\u00e4tze auf, bl\u00fcht Egoismus und bew\u00e4hrt sich Gemein\u00adsinn, zerbrechen Glaubensgewissheiten und tr\u00f6stet religi\u00f6se Hoffnung. Epidemien sind ein H\u00e4rtetest f\u00fcr die Tragf\u00e4higkeit ethischer \u00dcberzeugungen. F\u00fcr all das bietet die Belletristik beachtenswerte Beispiele. Das veranschaulichen die vorgestellten zwanzig bedeutenden Werke, zw\u00f6lf davon aus dem 20. Jahr\u00adhundert. Vor dem Hintergrund der Covid-19-Pandemie mit ihren gelegentlich problematischen Einschr\u00e4nkungen wird zugleich vor allem f\u00fcr den Raum der Kirchen gefragt, wie in vergleichbaren Krisen angemessener und \u00fcberzeu\u00adgender geredet und gehandelt werden kann.<\/p>\n<p><a href=\"http:\/\/www.steinmannverlag.de\/wordpress\/buecher\/pest-cholera-und-corona-in-der-belletristik\/\">Buchbesprechung<\/a><\/p>\n<hr \/>\n<div><strong>Martin Ost<br \/>\n<em>Max Diestel. Des Hauses H\u00fcter &#8211; Eine Biografie<\/em><\/strong><br \/>\n<em>2022. <\/em><em>476 Seiten. Paperback.<\/em><em> \u20ac 27,80.<\/em><\/div>\n<div><em>ISBN 978-3-927043-85-5<br \/>\n<\/em><\/div>\n<div><strong><strong><strong><a href=\"https:\/\/steinmannverlag-buchbestellungen.de\/martin-ost-max-diestel\/\" target=\"_blank\" rel=\"noopener\">Buch bestellen<\/a><\/strong><\/strong><\/strong><\/p>\n<\/div>\n<p><a href=\"http:\/\/www.steinmannverlag.de\/wordpress\/wp-content\/uploads\/2011\/10\/Cover_Max-Diestel_Des-Hauses-Hueter.jpg\"><img decoding=\"async\" loading=\"lazy\" class=\"size-full wp-image-1624\" src=\"http:\/\/www.steinmannverlag.de\/wordpress\/wp-content\/uploads\/2011\/10\/Cover_Max-Diestel_Des-Hauses-Hueter.jpg\" alt=\"Cover_Max Diestel_Des Hauses Hueter\" width=\"203\" height=\"271\" \/><\/a><\/p>\n<p style=\"text-align: left;\">Max Diestel war evangelischer Pfarrer in England, W\u00fcrttemberg-Hohenzollern und Berlin, wo er den gr\u00f6\u00dften Bezirk seiner evangelischen Kirche leitete, als das NS-Regime 1933 die Kirche zu einer evangelischen &#8222;Reichskirche&#8220; umzuformen begann. 1934 gr\u00fcndeten Kritiker in seinem Bezirk die &#8222;Bekennende Kirche&#8220;, die er selbst unterst\u00fctzte. Direkt beteiligt war er an der Gr\u00fcndung einer illegalen Hilfsstelle f\u00fcr getaufte Juden. Schon fr\u00fch f\u00f6rderte er Dietrich Bonhoeffer, ver\u00admittelte ihm Kontakte ins Ausland und beeinflusste seinen Berufsweg wesent\u00adlich.<\/p>\n<p style=\"text-align: left;\">Wie gelang Max Diestel der gef\u00e4hrliche Spagat zwischen seiner Funktion in der Reichskirche und seinen pers\u00f6nlichen Glaubens\u00fcberzeugungen? Wie konnte er seine Pfarrer und Gemeinden durch schwierigste Zeiten leiten und begleiten?<br \/>\nVerstreute Informationen, pers\u00f6nliche Briefe und Erinnerungen f\u00fcgen sich zum Bild eines Menschen, der aus Treue zu seiner christlichen \u00dcberzeugung dem Nationalsozialismus widerstand und seinen Weg zwischen Loyalit\u00e4t und Wider\u00adstand ging.<\/p>\n<p style=\"text-align: left;\">Ein bemerkenswertes Leben \u2013 ein bemerkenswertes Buch, das fesselnd Ein\u00adblicke in eine Zeit gew\u00e4hrt, deren Fragen noch heute von Bedeutung sind.<\/p>\n<p><a href=\"http:\/\/www.steinmannverlag.de\/wordpress\/buecher\/max-diestel-des-hauses-hueter\/\">Buchbesprechung<\/a><\/p>\n<hr \/>\n<div><strong>Joachim Plesse<br \/>\n<em>Buchholz \/ Aller<\/em><\/strong><br \/>\n<em>Geschichte(n) eines Dorfes im Heidekreis<\/em><em><br \/>\n2021. <\/em><em>500 Seiten mit div. Farbabbildungen. Hardcover runder R\u00fccken.<\/em><em><em> \u20ac 44,00.<\/em><\/em><\/p>\n<\/div>\n<p><a href=\"http:\/\/www.steinmannverlag.de\/wordpress\/wp-content\/uploads\/2011\/10\/Cover-Vorderseite-klein.jpg\"><img decoding=\"async\" loading=\"lazy\" class=\"alignnone size-full wp-image-1570\" src=\"http:\/\/www.steinmannverlag.de\/wordpress\/wp-content\/uploads\/2011\/10\/Cover-Vorderseite-klein.jpg\" alt=\"Cover Buchholz \/ Aller\" width=\"170\" height=\"232\" \/><\/a><\/p>\n<p><a href=\"http:\/\/www.steinmannverlag.de\/wordpress\/buecher\/buchholz-aller\/\">Buchbesprechung<\/a><\/p>\n<hr \/>\n<div><strong>Matthias Hilbert<br \/>\n<em>Gottfinder<\/em><\/strong><br \/>\n<em>Dichter-Bekehrungen durch die Jahrhunderte<br \/>\nVierzehn Dichterportr\u00e4ts<\/em><em><br \/>\n2021. <\/em><em>144 Seiten. Paperback.<\/em><em> \u20ac 16,80.<\/em><\/div>\n<div><em>ISBN 978-3-927043-83-1<br \/>\n<\/em><\/div>\n<div><strong><strong><strong><a href=\"https:\/\/steinmannverlag-buchbestellungen.de\/matthias-hilbert-gottfinder\/\" target=\"_blank\" rel=\"noopener\">Buch bestellen<\/a><\/strong><\/strong><\/strong><\/p>\n<\/div>\n<p><a href=\"http:\/\/www.steinmannverlag.de\/wordpress\/wp-content\/uploads\/2011\/10\/Cover-Gottfinder-klein-1.jpg\"><img decoding=\"async\" loading=\"lazy\" class=\"alignnone size-full wp-image-1563\" src=\"http:\/\/www.steinmannverlag.de\/wordpress\/wp-content\/uploads\/2011\/10\/Cover-Gottfinder-klein-1.jpg\" alt=\"Cover Gottfinder\" width=\"203\" height=\"262\" \/><\/a><\/p>\n<p style=\"text-align: left;\">Wie schon in seinem Buch \u201eGottsucher\u201c portr\u00e4tiert Matthias Hilbert auch in dem vorliegenden Band, der den Titel \u201eGottfinder\u201c tr\u00e4gt, bedeutende Dichter-Pers\u00f6nlichkeiten \u2013 wie z.B. T. S. Eliot, Paul Claudel, Francois Mauriac, Blaise Pascal bis hin zu den deutschen Autoren Manfred Hausmann, Willy Kramp, Karl May, Reinhold Schneider, Rudolf Alexander Schr\u00f6der und dem Goethe-Freund Johann Heinrich Jung-Stilling. In seinen \u201eDichterbekehrungen durch die Jahrhunderte\u201c erforscht Matthias Hilbert die pers\u00f6nliche Glaubensentwicklung der vorgestellten Autoren. Gleichzeitig geht er der Frage nach, wie diese Glaubensentwicklung in ihrem dichterischen Werk Niederschlag gefunden hat. Zu den Protagonisten seines Buches geh\u00f6ren auch die norwegische Nobel\u00adpreistr\u00e4gerin f\u00fcr Literatur Sigrid Undset und die englische Schriftstellerin Dorothy L. Sayers.<\/p>\n<p><a href=\"http:\/\/www.steinmannverlag.de\/wordpress\/buecher\/gottfinder\/\">Buchbesprechung<\/a><\/p>\n<hr \/>\n<div><strong>Burkhart Mecking<br \/>\n<em>Heiliger Kram<\/em><\/strong><br \/>\n<em>2021. <\/em><em>136 Seiten mit 16 Farbabbildungen. Paperback.<\/em><em> \u20ac 19,80.<\/em><\/div>\n<div><em>ISBN 978-3-927043-81-7<br \/>\n<\/em><strong><strong><strong><a href=\"https:\/\/steinmannverlag-buchbestellungen.de\/burkhart-mecking-heiliger-kram\/\" target=\"_blank\" rel=\"noopener\">Buch bestellen<\/a><\/strong><\/strong><\/strong><\/p>\n<\/div>\n<p><a href=\"http:\/\/www.steinmannverlag.de\/wordpress\/wp-content\/uploads\/2011\/10\/Cover-Heiliger-Kram-klein.jpg\"><img decoding=\"async\" loading=\"lazy\" class=\"size-full wp-image-1535\" src=\"http:\/\/www.steinmannverlag.de\/wordpress\/wp-content\/uploads\/2011\/10\/Cover-Heiliger-Kram-klein.jpg\" alt=\"Cover Heiliger Kram klein\" width=\"203\" height=\"268\" \/><\/a><\/p>\n<p style=\"text-align: left;\">Manchmal, wenn ein Gegenstand hervorgekramt wird, ein Ding in die Hand kommt, \u00f6ffnet sich der Blick, und das Staunen beginnt. Das \u00c4u\u00dfere wird durchsichtig auf eine tiefere Wirklichkeit. Im Gew\u00f6hnlichen kann das Heilige sichtbar werden. Solche Eindr\u00fccke und Begegnungen werden zu heiligen Augenblicken. Sie sind Anlass, \u00fcber eine Kram- und Dingtheologie nachzudenken und f\u00fcr die Entdeckung des Heiligen im Alltag sensibel zu werden.<\/p>\n<p><a href=\"http:\/\/www.steinmannverlag.de\/wordpress\/buecher\/heiliger-kram\/\">Buchbesprechung<\/a><\/p>\n<hr \/>\n<div><strong>Christa M\u00f6bius<br \/>\n<em>Eine immer tiefere Freude<\/em><\/strong><br \/>\n<em>Erfahrungen der fr\u00fchchristlichen Gemeinde in Philippi<br \/>\nim Briefwechsel mit dem Apostel Paulus<br \/>\n<\/em><em>2020. <\/em><em>68 Seiten. Paperback.<\/em><em> \u20ac 9,80.<\/em><\/div>\n<div><em>ISBN 978-3-927043-80-0<br \/>\n<\/em><strong><a href=\"https:\/\/steinmannverlag-buchbestellungen.de\/christa-moebius-eine-immer-tiefere-freude\/\" target=\"_blank\" rel=\"noopener\">Buch bestellen<\/a><br \/>\n<\/strong><em><br \/>\n<\/em><\/div>\n<p><a href=\"http:\/\/www.steinmannverlag.de\/wordpress\/wp-content\/uploads\/2011\/10\/Cover-klein-1.jpg\"><img decoding=\"async\" loading=\"lazy\" class=\"alignnone size-full wp-image-1527\" src=\"http:\/\/www.steinmannverlag.de\/wordpress\/wp-content\/uploads\/2011\/10\/Cover-klein-1.jpg\" alt=\"Cover Eine immer tiefere Freude\" width=\"203\" height=\"324\" srcset=\"https:\/\/www.steinmannverlag.de\/wordpress\/wp-content\/uploads\/2011\/10\/Cover-klein-1.jpg 203w, https:\/\/www.steinmannverlag.de\/wordpress\/wp-content\/uploads\/2011\/10\/Cover-klein-1-188x300.jpg 188w\" sizes=\"(max-width: 203px) 100vw, 203px\" \/><\/a><\/p>\n<p style=\"text-align: left;\">Auf ihrem schriftstellerischen Weg hat sich Christa M\u00f6bius immer wieder mit der urchristlichen Gemeinde besch\u00e4ftigt \u2013 mit der Frage, unter welchen sozial\u00adgeschichtlichen Bedingungen die Botschaft des Evangeliums in dieser Welt Fu\u00df fassen konnte. Die Frauen spielen dabei eine wesentliche Rolle. Das ist auch in ihrem neuen und letzten Buch so. Aus zwei biblischen Texten \u2013 dem Brief des Paulus an die Gemeinde in Philippi und der Apostelgeschichte 16,11-40 \u2013 ist eine rege Korrespondenz geworden, in der jetzt nicht nur Paulus, sondern viele Personen zu Wort kommen. Ein faszinierendes Projekt der Bibelauslegung, das neue Zug\u00e4nge zu den Wurzeln des christlichen Glaubens er\u00f6ffnet.<\/p>\n<p><a href=\"http:\/\/www.steinmannverlag.de\/wordpress\/buecher\/eine-immer-tiefere-freude\/\">Buchbesprechung<\/a><\/p>\n<hr \/>\n<div><strong>Matthias Hilbert<br \/>\n<em>Gottsucher<\/em><\/strong><br \/>\n<em>Dichter-Bekehrungen im 19. und 20. Jahrhundert<br \/>\nZw\u00f6lf Dichterportr\u00e4ts<\/em><em><br \/>\n2020. <\/em><em>124 Seiten. Paperback.<\/em><em> \u20ac 14,80.<\/em><\/div>\n<div><em>ISBN 978-3-927043-78-7<br \/>\n<\/em><\/div>\n<div><strong><strong><a href=\"https:\/\/steinmannverlag-buchbestellungen.de\/matthias-hilbert-gottsucher\/\" target=\"_blank\" rel=\"noopener\">Buch bestellen<\/a><br \/>\n<\/strong><\/strong><\/p>\n<\/div>\n<p><a href=\"http:\/\/www.steinmannverlag.de\/wordpress\/wp-content\/uploads\/2011\/10\/Cover_Gottsucher.jpg\"><img decoding=\"async\" loading=\"lazy\" class=\"size-full wp-image-1550\" src=\"http:\/\/www.steinmannverlag.de\/wordpress\/wp-content\/uploads\/2011\/10\/Cover_Gottsucher.jpg\" alt=\"Cover Gottsucher\" width=\"203\" height=\"256\" \/><\/a><\/p>\n<p style=\"text-align: left;\">Es hat im 19. und 20. Jahrhundert eine ganze Reihe von Dichtern gegeben, die eine erstaunliche Lebenswende zum christlichen Glauben hin vollzogen haben. Zu ihnen z\u00e4hlen neben anderen Dostojewski und Solschenizyn, Kierkegaard, C. S. Lewis und Zuckmayer oder auch die j\u00fcdischen Schriftsteller Alfred D\u00f6blin, Heinrich Heine und Franz Werfel. Das vorliegende Buch vermittelt lebendige und differenzierte Portr\u00e4ts dieser Dichter. Dabei wird nicht nur ihrer pers\u00f6nlichen Glaubensentwicklung nachgegangen, sondern auch der Frage, wie sich diese in ihrem dichterischen Werk niedergeschlagen hat.<\/p>\n<p><a href=\"http:\/\/www.steinmannverlag.de\/wordpress\/buecher\/gottsucher\/\">Buchbesprechung<\/a><\/p>\n<hr \/>\n<div><strong>Franco Rest<br \/>\n<em>Christsein in christusferner Welt<\/em><\/strong><em><br \/>\n2020. <\/em><em>432 Seiten. Hardcover.<\/em><em> \u20ac 36,80.<\/em><\/div>\n<div><em>ISBN 978-3-927043-82-4<br \/>\n<\/em><strong><a href=\"https:\/\/steinmannverlag-buchbestellungen.de\/franco-rest-christsein-in-christusferner-welt\/\" target=\"_blank\" rel=\"noopener\">Buch bestellen<\/a><br \/>\n<\/strong><em><br \/>\n<\/em><\/div>\n<p><a href=\"http:\/\/www.steinmannverlag.de\/wordpress\/wp-content\/uploads\/2011\/10\/Cover-Christsein-in-christusferner-Welt-klein.jpg\"><img decoding=\"async\" loading=\"lazy\" class=\"alignnone size-full wp-image-1499\" src=\"http:\/\/www.steinmannverlag.de\/wordpress\/wp-content\/uploads\/2011\/10\/Cover-Christsein-in-christusferner-Welt-klein.jpg\" alt=\"Cover Christsein in christusferner Welt klein\" width=\"203\" height=\"262\" \/><\/a><\/p>\n<p style=\"text-align: left;\">Franco Rest legt mit diesem Buch sein &#8222;opus magnum&#8220; vor &#8211; sehr pers\u00f6nlich, sehr geistreich, sehr herausfordernd und pointiert. Es geht um Wahrheit. Es geht um ein Pl\u00e4doyer f\u00fcr ein Leben mit Gott und einer grenzenlosen Humanit\u00e4t.<\/p>\n<p><a href=\"http:\/\/www.steinmannverlag.de\/wordpress\/buecher\/christsein-in-einer-christusfernen-welt\/\">Buchbesprechung<\/a><\/p>\n<hr \/>\n<div><strong>Knud Eike Buchmann<br \/>\n<em>Wovon reden wir eigentlich &#8211; Anregungen zum Weiterdenken<\/em><\/strong><em><br \/>\n2020. <\/em><em>248 Seiten. Paperback.<\/em><em> \u20ac 18,80.<\/em><\/div>\n<div><em>ISBN 978-3-927043-77-0<br \/>\n<\/em><strong><a href=\"https:\/\/steinmannverlag-buchbestellungen.de\/knud-eike-buchmann-wovon-reden-wir-eigentlich\/\" target=\"_blank\" rel=\"noopener\">Buch bestellen<\/a><br \/>\n<\/strong><em><br \/>\n<\/em><\/div>\n<p><a href=\"http:\/\/www.steinmannverlag.de\/wordpress\/wp-content\/uploads\/2011\/10\/Buchmann-Cover-klein.jpg\"><img decoding=\"async\" loading=\"lazy\" class=\"alignnone size-full wp-image-1482\" src=\"http:\/\/www.steinmannverlag.de\/wordpress\/wp-content\/uploads\/2011\/10\/Buchmann-Cover-klein.jpg\" alt=\"Buchmann Cover klein\" width=\"203\" height=\"319\" srcset=\"https:\/\/www.steinmannverlag.de\/wordpress\/wp-content\/uploads\/2011\/10\/Buchmann-Cover-klein.jpg 203w, https:\/\/www.steinmannverlag.de\/wordpress\/wp-content\/uploads\/2011\/10\/Buchmann-Cover-klein-191x300.jpg 191w\" sizes=\"(max-width: 203px) 100vw, 203px\" \/><\/a><\/p>\n<p>Dieses Buch ist ein Lese- und ein Denkbuch! Das Kaleidoskop der Begriffe erschlie\u00dft sich im stillen Lesen und im wertsch\u00e4tzenden Gespr\u00e4ch. Und es ist beabsichtigt, dass weitergedacht wird; denn jede Leserin\/jeder Leser verf\u00fcgt \u00fcber die Freiheit, in eine h\u00f6here Form der Auseinandersetzung mit dem Allt\u00e4glichen zu kommen.<\/p>\n<p><a href=\"http:\/\/www.steinmannverlag.de\/wordpress\/buecher\/wovon-reden-wir-eigentlich-anregungen-zum-weiterdenken\/\">Buchbesprechung<\/a><\/p>\n<hr \/>\n<div><strong>Joachim Karl Lindau<br \/>\n<em>federleicht<\/em><\/strong><em><br \/>\n2020. <\/em><em>68 Seiten. Paperback.<\/em><em> \u20ac 12,80.<\/em><\/div>\n<div><em>ISBN 978-3-927043-79-4<br \/>\n<\/em><strong><a href=\"https:\/\/steinmannverlag-buchbestellungen.de\/joachim-karl-lindau-federleicht\/\" target=\"_blank\" rel=\"noopener\">Buch bestellen<\/a><br \/>\n<\/strong><em><br \/>\n<\/em><\/div>\n<p><a href=\"http:\/\/www.steinmannverlag.de\/wordpress\/wp-content\/uploads\/2011\/10\/Federleicht-Cover-klein-12.04.20.jpg\"><img decoding=\"async\" loading=\"lazy\" class=\"alignnone size-full wp-image-1463\" src=\"http:\/\/www.steinmannverlag.de\/wordpress\/wp-content\/uploads\/2011\/10\/Federleicht-Cover-klein-12.04.20.jpg\" alt=\"Federleicht Cover klein 12.04.20\" width=\"203\" height=\"328\" srcset=\"https:\/\/www.steinmannverlag.de\/wordpress\/wp-content\/uploads\/2011\/10\/Federleicht-Cover-klein-12.04.20.jpg 203w, https:\/\/www.steinmannverlag.de\/wordpress\/wp-content\/uploads\/2011\/10\/Federleicht-Cover-klein-12.04.20-186x300.jpg 186w\" sizes=\"(max-width: 203px) 100vw, 203px\" \/><\/a><\/p>\n<p style=\"text-align: left;\">Wohin geht die Seele, wenn sie ihren K\u00f6rper verl\u00e4\u00dft? In der poetischen Erz\u00e4hlung von &#8222;federleicht&#8220; findet diese Frage eine universelle Antwort &#8211; als Wort und &#8222;Gedankenform&#8220;.<\/p>\n<p><a href=\"http:\/\/www.steinmannverlag.de\/wordpress\/buecher\/federleicht\/\">Buchbesprechung<\/a><\/p>\n<hr \/>\n<div><strong>Carin Winter und Hanna Rose<br \/>\n<em>Alte Erz\u00e4hlungen in neuen Farben<\/em><\/strong><em><br \/>\n2019. <\/em><em>104 Seiten. Paperback.<\/em><em> \u20ac 12,80.<\/em><\/div>\n<div><em>ISBN 978-3-927043-74-9<br \/>\n<\/em><strong><a href=\"https:\/\/steinmannverlag-buchbestellungen.de\/carin-winter-und-hanna-rose-alte-erzaehlungen-in-neuen-farben\/\" target=\"_blank\" rel=\"noopener\">Buch bestellen<\/a><br \/>\n<\/strong><em><br \/>\n<\/em><\/div>\n<p><a href=\"http:\/\/www.steinmannverlag.de\/wordpress\/wp-content\/uploads\/2011\/10\/Cover-Winter-klein.jpg\"><img decoding=\"async\" loading=\"lazy\" class=\"alignnone size-full wp-image-1420\" src=\"http:\/\/www.steinmannverlag.de\/wordpress\/wp-content\/uploads\/2011\/10\/Cover-Winter-klein.jpg\" alt=\"Cover Winter klein\" width=\"203\" height=\"328\" srcset=\"https:\/\/www.steinmannverlag.de\/wordpress\/wp-content\/uploads\/2011\/10\/Cover-Winter-klein.jpg 203w, https:\/\/www.steinmannverlag.de\/wordpress\/wp-content\/uploads\/2011\/10\/Cover-Winter-klein-186x300.jpg 186w\" sizes=\"(max-width: 203px) 100vw, 203px\" \/><\/a><\/p>\n<p style=\"text-align: left;\">Die Erfolgsautorin Carin Winter besch\u00e4ftigt sich in ihrem neuen Buch mit Texten der Bibel. Sie schreibt: &#8222;Diese Texte sind heilig und tabu, man darf nicht zweifeln oder unbequeme Fragen stellen, aber ich habe es doch getan, zusammen mit meiner 18-j\u00e4hrigen Enkelin Johanna, die mir viel geholfen hat.&#8220;<\/p>\n<p><a href=\"http:\/\/www.steinmannverlag.de\/wordpress\/buecher\/alte-erzaehlungen-in-neuen-farben\/\">Buchbesprechung<\/a><\/p>\n<hr \/>\n<div><strong>Dennis Meier und Annette Reimers-Avenarius (Hg.)<br \/>\n<em>Den gemeinsamen Glauben bekennen<\/em><\/strong><em><br \/>\n2019. <\/em><em>112 Seiten. Paperback.<\/em><em> \u20ac 13,80.<\/em><\/div>\n<div><em><em>ISBN 978-3-927043-76-3<\/em><\/em><\/p>\n<\/div>\n<p><a href=\"http:\/\/www.steinmannverlag.de\/wordpress\/wp-content\/uploads\/2011\/10\/Cover-ACKH-klein.jpg\"><img decoding=\"async\" loading=\"lazy\" class=\"alignnone size-full wp-image-1415\" src=\"http:\/\/www.steinmannverlag.de\/wordpress\/wp-content\/uploads\/2011\/10\/Cover-ACKH-klein.jpg\" alt=\"Cover ACKH klein\" width=\"203\" height=\"328\" srcset=\"https:\/\/www.steinmannverlag.de\/wordpress\/wp-content\/uploads\/2011\/10\/Cover-ACKH-klein.jpg 203w, https:\/\/www.steinmannverlag.de\/wordpress\/wp-content\/uploads\/2011\/10\/Cover-ACKH-klein-186x300.jpg 186w\" sizes=\"(max-width: 203px) 100vw, 203px\" \/><\/a><\/p>\n<p style=\"text-align: left;\">Der Herausgeberkreis w\u00fcnscht den Lesenden dieser Quellensammlung interessante Einblicke in das \u00f6kumenische Leben in Hamburg und bereichernde Einsichten \u00fcber den Glauben, der uns Christinnen und Christen eint.<\/p>\n<p><a href=\"http:\/\/www.steinmannverlag.de\/wordpress\/buecher\/den-gemeinsamen-glauben-bekennen-2\/\">Buchbesprechung<\/a><\/p>\n<hr \/>\n<div><strong>Margit Fuhrmann<br \/>\n<em>Joseph<\/em><\/strong><\/div>\n<div><em>Ein Traum-Mann<br \/>\n2019. <\/em><em>76 Seiten. Paperback.<\/em><em> \u20ac 12,80.<\/em><\/div>\n<div><em><em>ISBN 978-3-927043-75-6<\/em><\/em><\/p>\n<\/div>\n<p><a href=\"http:\/\/www.steinmannverlag.de\/wordpress\/wp-content\/uploads\/2011\/10\/Cover-Joseph-klein.jpg\"><img decoding=\"async\" loading=\"lazy\" class=\"alignnone size-full wp-image-1396\" src=\"http:\/\/www.steinmannverlag.de\/wordpress\/wp-content\/uploads\/2011\/10\/Cover-Joseph-klein.jpg\" alt=\"Cover Joseph klein\" width=\"203\" height=\"267\" \/><\/a><\/p>\n<p style=\"text-align: left;\">Ein sehr poetisches, ein spirituelles Buch, das in der Gestalt des Joseph \u2013 scheinbare Randfigur im Weihnachtsgeschehen \u2013 den Faden des Glaubens aufnimmt und ihn verkn\u00fcpft mit der Geschichte Jesu. Die Reliefs des Steinbildhauers Erich Gillmann sind der plastische und interpretatorische Resonanzboden daf\u00fcr.<\/p>\n<p><a href=\"http:\/\/www.steinmannverlag.de\/wordpress\/buecher\/joseph\/\">Buchbesprechung<\/a><\/p>\n<hr \/>\n<div><strong>Winfried Gr\u00fctzner<br \/>\n<em>&#8222;&#8230; der du bist &#8230;&#8220;<\/em><\/strong><\/div>\n<div><em>Eine Erinnerung an das angebotene `du\u00b4 Gottes<br \/>\n2019. <\/em><em>66 Seiten. Paperback.<\/em><em> \u20ac 19,80.<\/em><\/div>\n<div><em><em>ISBN 978-3-927043-73-2<\/em><\/em><\/p>\n<\/div>\n<p><a href=\"http:\/\/www.steinmannverlag.de\/wordpress\/wp-content\/uploads\/2011\/10\/Cover-klein.jpg\"><img decoding=\"async\" loading=\"lazy\" class=\"alignnone size-full wp-image-1384\" src=\"http:\/\/www.steinmannverlag.de\/wordpress\/wp-content\/uploads\/2011\/10\/Cover-klein.jpg\" alt=\"Cover &quot;... der du bist ...&quot;\" width=\"203\" height=\"267\" \/><\/a><\/p>\n<p style=\"text-align: left;\">Mit ungew\u00f6hnlichen Bildern aus Norddeutschland beantwortet Winfried Gr\u00fctzner in diesem Fotoband die Frage von Heiner Gei\u00dfler: &#8222;Warum versteckt sich Gott?&#8220; Hierzu verweist er auf Paulus, der schon in seinem R\u00f6merbrief gemeint hat, der unsichtbare Gott werde an seinen Werken erkannt. Damit erinnert der Autor an das von Gott angebotene \u00b4du\u00b4, das uns Jesus in seiner Bergpredigt mit dem Vaterunser vermittelt hat.<\/p>\n<p><a href=\"http:\/\/www.steinmannverlag.de\/wordpress\/buecher\/der-du-bist\/\">Buchbesprechung<\/a><\/p>\n<hr \/>\n<div><strong>Franco Rest<br \/>\n<em>Das letzte Fest Gottes: Menschwerdung und Tod<br \/>\nEine andere Sicht auf Menschlichkeit, Sterben und Tod<\/em><\/strong><em><br \/>\n2018. <\/em><em>232 Seiten. Paperback.<\/em><em> \u20ac 24,80.<\/em><\/div>\n<div><em><em>ISBN 978-3-927043-72-5<\/em><\/em><\/p>\n<\/div>\n<p><a href=\"http:\/\/www.steinmannverlag.de\/wordpress\/wp-content\/uploads\/2011\/10\/Das-letzte-Fest-Gottes-Cover-klein.jpg\"><img decoding=\"async\" loading=\"lazy\" class=\"alignnone size-full wp-image-1359\" src=\"http:\/\/www.steinmannverlag.de\/wordpress\/wp-content\/uploads\/2011\/10\/Das-letzte-Fest-Gottes-Cover-klein.jpg\" alt=\"Das letzte Fest Gottes\" width=\"203\" height=\"265\" \/><\/a><\/p>\n<p><a href=\"http:\/\/www.steinmannverlag.de\/wordpress\/buecher\/das-letzte-fest-gottes\/\">Buchbesprechung<\/a><\/p>\n<hr \/>\n<div><strong>Maren Meisel<br \/>\n<em>Aus dem Fenster geschaut<\/em><\/strong><em><br \/>\n2018. <\/em><em> 100 Seiten. Paperback.<\/em><em> \u20ac 11,80.<\/em><\/div>\n<div><em><em>ISBN 978-3-927043-71-8<\/em><\/em><\/p>\n<\/div>\n<p><a href=\"http:\/\/www.steinmannverlag.de\/wordpress\/wp-content\/uploads\/2011\/10\/Aus-dem-Fenster-geschaut-Cover-klein.jpg\"><img decoding=\"async\" loading=\"lazy\" class=\"alignnone size-full wp-image-1350\" src=\"http:\/\/www.steinmannverlag.de\/wordpress\/wp-content\/uploads\/2011\/10\/Aus-dem-Fenster-geschaut-Cover-klein.jpg\" alt=\"Aus dem Fenster geschaut\" width=\"203\" height=\"332\" srcset=\"https:\/\/www.steinmannverlag.de\/wordpress\/wp-content\/uploads\/2011\/10\/Aus-dem-Fenster-geschaut-Cover-klein.jpg 203w, https:\/\/www.steinmannverlag.de\/wordpress\/wp-content\/uploads\/2011\/10\/Aus-dem-Fenster-geschaut-Cover-klein-183x300.jpg 183w\" sizes=\"(max-width: 203px) 100vw, 203px\" \/><\/a><\/p>\n<p><a href=\"http:\/\/www.steinmannverlag.de\/wordpress\/buecher\/aus-dem-fenster-geschaut\/\">Buchbesprechung<\/a><\/p>\n<hr \/>\n<div><strong>Peter Godzik<br \/>\n<em>Erwachsener Glaube. Lebenseinsichten<\/em><\/strong><em><br \/>\n2018. <\/em><em> 100 Seiten. Paperback.<\/em><em> \u20ac 16,80.<\/em><\/div>\n<div><em><em>ISBN 978-3-927043-70-1<\/em><\/em><\/p>\n<\/div>\n<p><a href=\"http:\/\/www.steinmannverlag.de\/wordpress\/wp-content\/uploads\/2011\/10\/Cover-Erwachsener-Glaube-klein.jpg\"><img decoding=\"async\" loading=\"lazy\" class=\"alignnone size-full wp-image-1317\" src=\"http:\/\/www.steinmannverlag.de\/wordpress\/wp-content\/uploads\/2011\/10\/Cover-Erwachsener-Glaube-klein.jpg\" alt=\"Cover Erwachsener Glaube klein\" width=\"200\" height=\"258\" \/><\/a><\/p>\n<p><a href=\"http:\/\/www.steinmannverlag.de\/wordpress\/buecher\/erwachsener-glaube\/\">Buchbesprechung<\/a><\/p>\n<hr \/>\n<div><strong>Hildebrand Henatsch<br \/>\n<em>Sonne der Gerechtigkeit<\/em><\/strong><em><br \/>\n2017. <\/em><em> 104 Seiten. Paperback.<\/em><em> \u20ac 12,80.<\/em><\/div>\n<div><em><em>ISBN 978-3-927043-68-8<\/em><\/em><\/p>\n<\/div>\n<p><a href=\"http:\/\/www.steinmannverlag.de\/wordpress\/wp-content\/uploads\/2011\/10\/cover_sonne_der_gerechtigkeit_klein.jpg\"><img decoding=\"async\" loading=\"lazy\" class=\"alignnone size-full wp-image-1275\" src=\"http:\/\/www.steinmannverlag.de\/wordpress\/wp-content\/uploads\/2011\/10\/cover_sonne_der_gerechtigkeit_klein.jpg\" alt=\"cover_sonne_der_gerechtigkeit_klein\" width=\"203\" height=\"326\" srcset=\"https:\/\/www.steinmannverlag.de\/wordpress\/wp-content\/uploads\/2011\/10\/cover_sonne_der_gerechtigkeit_klein.jpg 203w, https:\/\/www.steinmannverlag.de\/wordpress\/wp-content\/uploads\/2011\/10\/cover_sonne_der_gerechtigkeit_klein-187x300.jpg 187w\" sizes=\"(max-width: 203px) 100vw, 203px\" \/><\/a><\/p>\n<p><a href=\"http:\/\/www.steinmannverlag.de\/wordpress\/buecher\/sonne-der-gerechtigkeit\/\">Buchbesprechung<\/a><\/p>\n<hr \/>\n<div><strong>J\u00fcrgen Wehrs<br \/>\n<em>Otto Stockhausen<\/em><\/strong><em><br \/>\n2016. <\/em><em> 132 Seiten. Paperback.<\/em><em> \u20ac 18,80.<\/em><\/div>\n<div><em><em>ISBN 978-3-927043-69-5<\/em><\/em><\/p>\n<\/div>\n<p><a href=\"http:\/\/www.steinmannverlag.de\/wordpress\/wp-content\/uploads\/2011\/10\/cover_otto_stockhausen_klein.jpg\"><img decoding=\"async\" loading=\"lazy\" class=\"alignnone size-full wp-image-1246\" src=\"http:\/\/www.steinmannverlag.de\/wordpress\/wp-content\/uploads\/2011\/10\/cover_otto_stockhausen_klein.jpg\" alt=\"Cover Otto Stockhausen\" width=\"203\" height=\"262\" \/><\/a><\/p>\n<p><a href=\"http:\/\/www.steinmannverlag.de\/wordpress\/buecher\/otto-stockhausen\/\">Buchbesprechung<\/a><\/p>\n<hr \/>\n<div><strong>Peter Godzik<br \/>\n<em>Von Worten, Sternen und anderen Kostbarkeiten<\/em><\/strong><em><br \/>\n2016. <\/em><em> 164 Seiten. Paperback.<\/em><em> \u20ac 19,80.<\/em><\/div>\n<div><em><em>ISBN 978-3-927043-66-4<\/em><\/em><\/p>\n<\/div>\n<p><a href=\"http:\/\/www.steinmannverlag.de\/wordpress\/wp-content\/uploads\/2011\/10\/cover_von_worten_sternen_und_anderen_kostbarkeiten_klein.jpg\"><img decoding=\"async\" loading=\"lazy\" class=\"alignnone size-full wp-image-1247\" src=\"http:\/\/www.steinmannverlag.de\/wordpress\/wp-content\/uploads\/2011\/10\/cover_von_worten_sternen_und_anderen_kostbarkeiten_klein.jpg\" alt=\"Cover von Worten, Sternen und anderen Kostbarkeiten\" width=\"203\" height=\"262\" \/><\/a><\/p>\n<p><a href=\" http:\/\/www.steinmannverlag.de\/wordpress\/buecher\/von-worten-sternen-und-anderen-kostbarkeiten\/\">Buchbesprechung<\/a><\/p>\n<hr \/>\n<div><strong>Christa M\u00f6bius<br \/>\n<em>Die Sammler der Erinnerung<\/em><\/strong><em><br \/>\n2016. <\/em><em>84 Seiten. Paperback.<\/em><em> \u20ac 9,80.<\/em><\/div>\n<div><em><em>ISBN 978-3-927043-60-2<\/em><\/em><\/p>\n<\/div>\n<p><a href=\"http:\/\/www.steinmannverlag.de\/wordpress\/wp-content\/uploads\/2011\/10\/cover_klein_sammler_der_erinnerung.jpg\" rel=\"attachment wp-att-1233\"><img decoding=\"async\" loading=\"lazy\" class=\"alignnone size-full wp-image-1233\" src=\"http:\/\/www.steinmannverlag.de\/wordpress\/wp-content\/uploads\/2011\/10\/cover_klein_sammler_der_erinnerung.jpg\" alt=\"Sammler der Erinnerung\" width=\"160\" height=\"255\" \/><\/a><\/p>\n<p style=\"text-align: left;\">Christa M\u00f6bius gelingt in ihrem neuen Buch die Vermittlung von Erkenntnissen der sozialgeschichtlichen Forschung in Form einer phantasievoll-poetischen Prosa. Sie nimmt die Leserin\/den Leser mit in die Zeit der Entstehungs\u00adgeschichte der Evangelienliteratur und beschreibt, wie es gewesen sein k\u00f6nnte. Ein faszinierendes, kreatives Vorhaben, das ins Damaskus der zweiten H\u00e4lfte des 1. Jahrhunderts f\u00fchrt.<\/p>\n<p><a href=\"http:\/\/www.steinmannverlag.de\/wordpress\/buecher\/die-sammler-der-erinnerung\/\">Buchbesprechung<\/a><\/p>\n<hr \/>\n<div><strong>Knud Eike Buchmann<br \/>\n<em>LebensWeise<\/em><\/strong><em><br \/>\n2016. <\/em><em>160 Seiten. Paperback.<\/em><em> \u20ac 19,80.<\/em><\/div>\n<div><em><em>ISBN 978-3-927043-65-7<\/em><\/em><\/p>\n<\/div>\n<p><a href=\"http:\/\/www.steinmannverlag.de\/wordpress\/wp-content\/uploads\/2011\/10\/cover_lebensweise_klein.jpg\" rel=\"attachment wp-att-1226\"><img decoding=\"async\" loading=\"lazy\" class=\"alignnone size-full wp-image-1226\" src=\"http:\/\/www.steinmannverlag.de\/wordpress\/wp-content\/uploads\/2011\/10\/cover_lebensweise_klein.jpg\" alt=\"cover_lebensweise_klein\" width=\"203\" height=\"262\" \/><\/a><\/p>\n<p style=\"text-align: left;\">Der Psychologe und Psychotherapeut Knud Eike Buchmann schreibt sein neues Buch mit scharfem Verstand und gro\u00dfem Wissen \u2013 zugleich mit einer Leichtigkeit und Pr\u00e4gnanz, die dem Verstehen dient. Es sind die Erkenntnisse des Wissenschaftlers, die die Basis von \u201eLebensWeise\u201c bilden, und es ist der Erfahrungsschatz eines \u201elebensweisen\u201c Mannes, der diesen Band f\u00fcr jeden, der dar\u00fcber nachdenkt, wie er sein Leben bewusster und kl\u00fcger gestalten kann, zu einem Leseerlebnis macht.<\/p>\n<p><a href=\"http:\/\/www.steinmannverlag.de\/wordpress\/buecher\/lebensweise\/\">Buchbesprechung<\/a><\/p>\n<hr \/>\n<div><strong>Frank K\u00fcrschner-Pelkmann<br \/>\n<em>Babylon &#8211; Mythos und Wirklichkeit<\/em><\/strong><em><br \/>\n2015. <\/em><em>240 Seiten. Paperback.<\/em><em> \u20ac 24,80.<\/em><\/div>\n<div><em><em>ISBN 978-3-927043-65-7<\/em><\/em><\/p>\n<\/div>\n<p><a href=\"http:\/\/www.steinmannverlag.de\/wordpress\/wp-content\/uploads\/2015\/11\/cover_babylon_klein.jpg\"><img decoding=\"async\" loading=\"lazy\" class=\"alignnone size-full wp-image-1071\" title=\"Cover Babylon\" src=\"http:\/\/www.steinmannverlag.de\/wordpress\/wp-content\/uploads\/2015\/11\/cover_babylon_klein.jpg\" alt=\"Cover Babylon\" width=\"203\" height=\"262\" \/><\/a><\/p>\n<p style=\"text-align: left;\">\u201eVon Babylon lernen hei\u00dft, Vielfalt zu sch\u00e4tzen.\u201c So lautet eine Kernaussage dieses Buches. Babylon, das ist die Stadt des gewaltigen Turms, der Wissenschaft und der Mythen. Bekannt geblieben ist die Stadt am Euphrat aber auch durch die vielen biblischen Texte. In diesem Buch werden historische Realit\u00e4t, biblische Berichte und uralte Mythen zu einem Gesamtbild zusammengef\u00fcgt. Dabei bleiben wie bei einer zerbrochen Keilschrifttafel die Bruchstellen erkennbar. Es entsteht aber trotzdem das Bild einer beeindruckenden Metropole mit einer erstaunlichen \u00dcberlebensf\u00e4higkeit.<\/p>\n<p><a href=\"http:\/\/www.steinmannverlag.de\/wordpress\/buecher\/babylon-mythos-und-wirklichkeit\/\">Buchbesprechung<\/a><\/p>\n<hr \/>\n<div><strong>Peter Stolt<br \/>\n<em>Matth\u00e4us und seine Jesusgeschichten<\/em><\/strong><em><br \/>\nAusgew\u00e4hlte Abschnitte aus dem Evangelium<\/em><em><br \/>\n2015. <\/em><em>200 Seiten. Paperback.<\/em><em> \u20ac 17,80.<\/em><\/div>\n<div><em><em>ISBN 978-3-927043-64-0<\/em><\/em><\/p>\n<\/div>\n<p><a href=\"http:\/\/www.steinmannverlag.de\/wordpress\/wp-content\/uploads\/2011\/10\/cover_matthaeus_und_seine_jesusgeschichten.jpg\"><img decoding=\"async\" loading=\"lazy\" class=\"alignnone size-full wp-image-1071\" title=\"cover_matthaeus_und_seine_jesusgeschichten\" src=\"http:\/\/www.steinmannverlag.de\/wordpress\/wp-content\/uploads\/2011\/10\/cover_matthaeus_und_seine_jesusgeschichten.jpg\" alt=\"cover_matthaeus_und_seine_jesusgeschichten\" width=\"203\" height=\"327\" srcset=\"https:\/\/www.steinmannverlag.de\/wordpress\/wp-content\/uploads\/2011\/10\/cover_matthaeus_und_seine_jesusgeschichten.jpg 203w, https:\/\/www.steinmannverlag.de\/wordpress\/wp-content\/uploads\/2011\/10\/cover_matthaeus_und_seine_jesusgeschichten-186x300.jpg 186w\" sizes=\"(max-width: 203px) 100vw, 203px\" \/><\/a><\/p>\n<p style=\"text-align: left;\">Brilliant nimmt der Autor den Dialog mit dem Evangelisten Matth\u00e4us auf. In dieses Gespr\u00e4ch bezieht er die Leserin\/den Leser mit ein und schenkt ganz neue Einsichten und Perspektiven, die dem Verstehen und dem Glauben dienen.<br \/>\nDer &#8222;garstige Graben der Geschichte&#8220;? Er wird in diesem Buch spielend leicht \u00fcbersprungen. Das Licht der Jesusgeschichten kommt zum Vorschein.<\/p>\n<p><a href=\"http:\/\/www.steinmannverlag.de\/wordpress\/buecher\/matthaeus-und-seine-jesusgeschichten\/\">Buchbesprechung<\/a><\/p>\n<hr \/>\n<div><strong>Peter Godzik<br \/>\n<em>Der Weg ins Licht<\/em><\/strong><em><br \/>\nEin Lesebuch zu letzten Fragen des Lebens<\/em><em><br \/>\n2015. <\/em><em>236 Seiten. Paperback. Mit Farbabbildungen<br \/>\nvon Sabine Schellhorn.<\/em><em> \u20ac 24,80.<\/em><\/div>\n<div><em><em>ISBN 978-3-927043-63-3<\/em><\/em><\/p>\n<\/div>\n<p><a href=\"http:\/\/www.steinmannverlag.de\/wordpress\/wp-content\/uploads\/2011\/10\/cover_der_weg_ins_licht.jpg\"><img decoding=\"async\" loading=\"lazy\" class=\"alignnone size-full wp-image-1073\" title=\"cover_der_weg_ins_licht\" src=\"http:\/\/www.steinmannverlag.de\/wordpress\/wp-content\/uploads\/2011\/10\/cover_der_weg_ins_licht.jpg\" alt=\"cover_der_weg_ins_licht\" width=\"203\" height=\"273\" \/><\/a><\/p>\n<p style=\"text-align: left;\">Niemand kann beweisen, dass es ein Leben nach dem Tod gibt. Aber genauso gilt auch: Niemand kann beweisen, dass mit dem Tod alles zu Ende ist. Peter Godzik besch\u00e4ftigt sich in seinem Buch mit den letzten Fragen des Lebens und schenkt der Leserin\/dem Leser eine wunderbare Sammlung von Texten, die den Weg ebnen zu einem Verst\u00e4ndnis menschlichen Seins, das \u00fcber sich selbst hinausweist.<br \/>\nDas Buch ist ein Pl\u00e4doyer f\u00fcr die tiefe und tr\u00f6stliche Wahrheit der christlichen Auferstehungshoffnung.<\/p>\n<p><a href=\"http:\/\/www.steinmannverlag.de\/wordpress\/buecher\/der-weg-ins-licht\/\">Buchbesprechung<\/a><\/p>\n<hr \/>\n<div><strong>Ricarda Thaler<br \/>\n<em>Gehe zu den Sternen<\/em><\/strong><em><br \/>\nMit Originaltexten von Eva Thaler<\/em><em><br \/>\n2014. <\/em><em>408 Seiten. Paperback.<\/em><em><br \/>\n\u20ac 19,80.<\/em><\/div>\n<div><em><em>ISBN 978-3-927043-57-2<\/em><\/em><\/p>\n<\/div>\n<p><a href=\"http:\/\/www.steinmannverlag.de\/wordpress\/wp-content\/uploads\/2011\/10\/cover_gehezudensternen.jpg\"><img decoding=\"async\" loading=\"lazy\" class=\"alignnone size-full wp-image-951\" title=\"Gehe zu den Sternen\" src=\"http:\/\/www.steinmannverlag.de\/wordpress\/wp-content\/uploads\/2011\/10\/cover_gehezudensternen.jpg\" alt=\"\" width=\"203\" height=\"291\" \/><\/a><\/p>\n<p style=\"text-align: left;\">Eine unglaubliche Geschichte. Eine wahre Geschichte.<\/p>\n<p style=\"text-align: left;\">Mit gro\u00dfer Erz\u00e4hlkunst l\u00e4sst uns die Autorin teilhaben am aufregenden Leben mit ihrer &#8222;wundersamen&#8220; Tochter Eva.<\/p>\n<p><a href=\"http:\/\/www.steinmannverlag.de\/wordpress\/buecher\/gehe-zu-den-sternen\/\">Buchbesprechung<\/a><\/p>\n<hr \/>\n<div><strong>Ingo Sperl<\/strong><\/div>\n<div><strong><em>In Teufels K\u00fcche<\/em><br \/>\n<\/strong><\/div>\n<div><em>Leben mit einer chronischen Krankheit und ihren Folgen<\/em><\/div>\n<div><em>Mit einem Nachwort von Sigrid Klimbingat<br \/>\n<\/em><\/div>\n<div><em>2014. <\/em><em>232 Seiten. Paperback.<\/em><em> \u20ac 19,80.<\/em><\/div>\n<div><em><em>ISBN 978-3-927043-59-6<\/em><\/em><\/p>\n<\/div>\n<p><a href=\"http:\/\/www.steinmannverlag.de\/wordpress\/wp-content\/uploads\/2011\/10\/cover_in_teufels_kueche.jpg\"><img decoding=\"async\" loading=\"lazy\" class=\"alignnone size-full wp-image-1026\" title=\"cover_in_teufels_kueche\" src=\"http:\/\/www.steinmannverlag.de\/wordpress\/wp-content\/uploads\/2011\/10\/cover_in_teufels_kueche.jpg\" alt=\"\" width=\"203\" height=\"273\" \/><\/a><\/p>\n<p style=\"text-align: left;\"><em>Es ist nicht das erste Buch, das Dr. Ingo Sperl geschrieben hat, aber mit Sicherheit das pers\u00f6nlichste und mutigste. &#8222;In Teufels K\u00fcche&#8220; ist die Geschichte eines chronisch Kranken und zugleich die Geschichte eines au\u00dfergew\u00f6hnlichen Menschen und Seelsorgers.<\/em><\/p>\n<p><a href=\"http:\/\/www.steinmannverlag.de\/wordpress\/buecher\/in-teufels-kueche\/\">Buchbesprechung<\/a><\/p>\n<hr \/>\n<div><strong>Franco Rest und Gisela Rest-Hartjes<\/strong><\/div>\n<div><strong><em>Schwere-Stunden-Poesie<\/em><br \/>\n<\/strong><\/div>\n<div><em>Gedichte und Poetik im Angesicht des Todes und anderer Krisen<br \/>\n<\/em><\/div>\n<div><em>2014. <\/em><em>204 Seiten. Paperback.<\/em><em> \u20ac 22,80.<\/em><\/div>\n<div><em><em>ISBN 978-3-927043-58-9<\/em><\/em><\/p>\n<\/div>\n<p><a href=\"http:\/\/www.steinmannverlag.de\/wordpress\/wp-content\/uploads\/2011\/10\/cover_schwere-stunden-poesie.jpg\"><img decoding=\"async\" loading=\"lazy\" class=\"alignnone size-full wp-image-1027\" title=\"cover_schwere-stunden-poesie\" src=\"http:\/\/www.steinmannverlag.de\/wordpress\/wp-content\/uploads\/2011\/10\/cover_schwere-stunden-poesie.jpg\" alt=\"\" width=\"203\" height=\"271\" \/><\/a><\/p>\n<p style=\"text-align: left;\">Poesie aus &#8222;Schweren Stunden&#8220; und f\u00fcr diese verfassen die beiden Autoren, seit sie selbst von lebensverk\u00fcrzender Krankheit betroffen sind. Verdichtete Sprache l\u00e4sst das Leben &#8222;dichter&#8220; werden. Ein Buch, in dem es auch um \u00dcberlegungen zur Poesietherapie sowie um Gedankeng\u00e4nge zum Umgang von Dichtern &#8211; wie Rilke, Novalis und Adelbert von Chamisso &#8211; mit schwerer Krankheit, Sterben, Tod und Trauer geht.<\/p>\n<p><a href=\"http:\/\/www.steinmannverlag.de\/wordpress\/buecher\/schwere-stunden-poesie\/\">Buchbesprechung<\/a><\/p>\n<hr \/>\n<p>Alle Preise inkl. 7% MwSt.<\/p>\n","protected":false},"excerpt":{"rendered":"<p>Sabine Sommerkamp LICHTGEDANKEN Gedichte Mit einem Vorwort von Bisch\u00f6fin Kirsten Fehrs und Beitr\u00e4gen von R\u00fcdiger Jung und Michael Batz 2025. 96 Seiten. Gebunden. \u20ac 16,80 ISBN 978-3-927043-94-7 Buch bestellen &#8222;Viele Entdeckungen w\u00fcnsche ich Ihnen beim Lesen. M\u00f6ge die Botschaft vom Licht in all seinen Facetten Ihre Hoffnung hell werden lassen und weit.&#8220; Bisch\u00f6fin Kirsten Fehrs Buchbesprechung Ulrich Tietze (Hrsg.) W\u00fcste: Magische Momente Erfahrungen, Gedichte, Geschichten 2025. 212 Seiten. Paperback. \u20ac 24,80 ISBN 978-3-927043-96-1 Buch bestellen \u00bbDie W\u00fcste hat mein Leben&#8230;<\/p>\n<p class=\"read-more\"><a class=\"btn btn-default\" href=\"https:\/\/www.steinmannverlag.de\/wordpress\/neuerscheinungen\/\">Weiterlesen<span class=\"screen-reader-text\"> Weiterlesen<\/span><\/a><\/p>\n","protected":false},"author":1,"featured_media":0,"parent":0,"menu_order":3,"comment_status":"closed","ping_status":"closed","template":"","meta":[],"yoast_head":"<!-- This site is optimized with the Yoast SEO plugin v20.1 - https:\/\/yoast.com\/wordpress\/plugins\/seo\/ -->\n<title>Neuerscheinungen - Steinmann Verlag<\/title>\n<meta name=\"robots\" content=\"index, follow, max-snippet:-1, max-image-preview:large, max-video-preview:-1\" \/>\n<link rel=\"canonical\" href=\"https:\/\/www.steinmannverlag.de\/wordpress\/neuerscheinungen\/\" \/>\n<meta property=\"og:locale\" content=\"de_DE\" \/>\n<meta property=\"og:type\" content=\"article\" \/>\n<meta property=\"og:title\" content=\"Neuerscheinungen - Steinmann Verlag\" \/>\n<meta property=\"og:description\" content=\"Sabine Sommerkamp LICHTGEDANKEN Gedichte Mit einem Vorwort von Bisch\u00f6fin Kirsten Fehrs und Beitr\u00e4gen von R\u00fcdiger Jung und Michael Batz 2025. 96 Seiten. Gebunden. \u20ac 16,80 ISBN 978-3-927043-94-7 Buch bestellen &#8222;Viele Entdeckungen w\u00fcnsche ich Ihnen beim Lesen. M\u00f6ge die Botschaft vom Licht in all seinen Facetten Ihre Hoffnung hell werden lassen und weit.&#8220; Bisch\u00f6fin Kirsten Fehrs Buchbesprechung Ulrich Tietze (Hrsg.) W\u00fcste: Magische Momente Erfahrungen, Gedichte, Geschichten 2025. 212 Seiten. Paperback. \u20ac 24,80 ISBN 978-3-927043-96-1 Buch bestellen \u00bbDie W\u00fcste hat mein Leben...Weiterlesen Weiterlesen\" \/>\n<meta property=\"og:url\" content=\"https:\/\/www.steinmannverlag.de\/wordpress\/neuerscheinungen\/\" \/>\n<meta property=\"og:site_name\" content=\"Steinmann Verlag\" \/>\n<meta property=\"article:modified_time\" content=\"2025-06-20T14:45:21+00:00\" \/>\n<meta property=\"og:image\" content=\"https:\/\/www.steinmannverlag.de\/wordpress\/wp-content\/uploads\/2025\/06\/Cover_Sommerkamp_Lichtgedanken-1.jpg\" \/>\n<meta name=\"twitter:card\" content=\"summary_large_image\" \/>\n<meta name=\"twitter:label1\" content=\"Gesch\u00e4tzte Lesezeit\" \/>\n\t<meta name=\"twitter:data1\" content=\"24\u00a0Minuten\" \/>\n<script type=\"application\/ld+json\" class=\"yoast-schema-graph\">{\"@context\":\"https:\/\/schema.org\",\"@graph\":[{\"@type\":\"WebPage\",\"@id\":\"https:\/\/www.steinmannverlag.de\/wordpress\/neuerscheinungen\/\",\"url\":\"https:\/\/www.steinmannverlag.de\/wordpress\/neuerscheinungen\/\",\"name\":\"Neuerscheinungen - Steinmann Verlag\",\"isPartOf\":{\"@id\":\"https:\/\/www.steinmannverlag.de\/wordpress\/#website\"},\"datePublished\":\"2011-10-03T16:02:42+00:00\",\"dateModified\":\"2025-06-20T14:45:21+00:00\",\"breadcrumb\":{\"@id\":\"https:\/\/www.steinmannverlag.de\/wordpress\/neuerscheinungen\/#breadcrumb\"},\"inLanguage\":\"de\",\"potentialAction\":[{\"@type\":\"ReadAction\",\"target\":[\"https:\/\/www.steinmannverlag.de\/wordpress\/neuerscheinungen\/\"]}]},{\"@type\":\"BreadcrumbList\",\"@id\":\"https:\/\/www.steinmannverlag.de\/wordpress\/neuerscheinungen\/#breadcrumb\",\"itemListElement\":[{\"@type\":\"ListItem\",\"position\":1,\"name\":\"Home\",\"item\":\"https:\/\/www.steinmannverlag.de\/wordpress\/\"},{\"@type\":\"ListItem\",\"position\":2,\"name\":\"Neuerscheinungen\"}]},{\"@type\":\"WebSite\",\"@id\":\"https:\/\/www.steinmannverlag.de\/wordpress\/#website\",\"url\":\"https:\/\/www.steinmannverlag.de\/wordpress\/\",\"name\":\"Steinmann Verlag\",\"description\":\"Litteras Amamus\",\"potentialAction\":[{\"@type\":\"SearchAction\",\"target\":{\"@type\":\"EntryPoint\",\"urlTemplate\":\"https:\/\/www.steinmannverlag.de\/wordpress\/?s={search_term_string}\"},\"query-input\":\"required name=search_term_string\"}],\"inLanguage\":\"de\"}]}<\/script>\n<!-- \/ Yoast SEO plugin. -->","yoast_head_json":{"title":"Neuerscheinungen - Steinmann Verlag","robots":{"index":"index","follow":"follow","max-snippet":"max-snippet:-1","max-image-preview":"max-image-preview:large","max-video-preview":"max-video-preview:-1"},"canonical":"https:\/\/www.steinmannverlag.de\/wordpress\/neuerscheinungen\/","og_locale":"de_DE","og_type":"article","og_title":"Neuerscheinungen - Steinmann Verlag","og_description":"Sabine Sommerkamp LICHTGEDANKEN Gedichte Mit einem Vorwort von Bisch\u00f6fin Kirsten Fehrs und Beitr\u00e4gen von R\u00fcdiger Jung und Michael Batz 2025. 96 Seiten. Gebunden. \u20ac 16,80 ISBN 978-3-927043-94-7 Buch bestellen &#8222;Viele Entdeckungen w\u00fcnsche ich Ihnen beim Lesen. M\u00f6ge die Botschaft vom Licht in all seinen Facetten Ihre Hoffnung hell werden lassen und weit.&#8220; Bisch\u00f6fin Kirsten Fehrs Buchbesprechung Ulrich Tietze (Hrsg.) W\u00fcste: Magische Momente Erfahrungen, Gedichte, Geschichten 2025. 212 Seiten. Paperback. \u20ac 24,80 ISBN 978-3-927043-96-1 Buch bestellen \u00bbDie W\u00fcste hat mein Leben...Weiterlesen Weiterlesen","og_url":"https:\/\/www.steinmannverlag.de\/wordpress\/neuerscheinungen\/","og_site_name":"Steinmann Verlag","article_modified_time":"2025-06-20T14:45:21+00:00","og_image":[{"url":"https:\/\/www.steinmannverlag.de\/wordpress\/wp-content\/uploads\/2025\/06\/Cover_Sommerkamp_Lichtgedanken-1.jpg"}],"twitter_card":"summary_large_image","twitter_misc":{"Gesch\u00e4tzte Lesezeit":"24\u00a0Minuten"},"schema":{"@context":"https:\/\/schema.org","@graph":[{"@type":"WebPage","@id":"https:\/\/www.steinmannverlag.de\/wordpress\/neuerscheinungen\/","url":"https:\/\/www.steinmannverlag.de\/wordpress\/neuerscheinungen\/","name":"Neuerscheinungen - Steinmann Verlag","isPartOf":{"@id":"https:\/\/www.steinmannverlag.de\/wordpress\/#website"},"datePublished":"2011-10-03T16:02:42+00:00","dateModified":"2025-06-20T14:45:21+00:00","breadcrumb":{"@id":"https:\/\/www.steinmannverlag.de\/wordpress\/neuerscheinungen\/#breadcrumb"},"inLanguage":"de","potentialAction":[{"@type":"ReadAction","target":["https:\/\/www.steinmannverlag.de\/wordpress\/neuerscheinungen\/"]}]},{"@type":"BreadcrumbList","@id":"https:\/\/www.steinmannverlag.de\/wordpress\/neuerscheinungen\/#breadcrumb","itemListElement":[{"@type":"ListItem","position":1,"name":"Home","item":"https:\/\/www.steinmannverlag.de\/wordpress\/"},{"@type":"ListItem","position":2,"name":"Neuerscheinungen"}]},{"@type":"WebSite","@id":"https:\/\/www.steinmannverlag.de\/wordpress\/#website","url":"https:\/\/www.steinmannverlag.de\/wordpress\/","name":"Steinmann Verlag","description":"Litteras Amamus","potentialAction":[{"@type":"SearchAction","target":{"@type":"EntryPoint","urlTemplate":"https:\/\/www.steinmannverlag.de\/wordpress\/?s={search_term_string}"},"query-input":"required name=search_term_string"}],"inLanguage":"de"}]}},"_links":{"self":[{"href":"https:\/\/www.steinmannverlag.de\/wordpress\/wp-json\/wp\/v2\/pages\/642"}],"collection":[{"href":"https:\/\/www.steinmannverlag.de\/wordpress\/wp-json\/wp\/v2\/pages"}],"about":[{"href":"https:\/\/www.steinmannverlag.de\/wordpress\/wp-json\/wp\/v2\/types\/page"}],"author":[{"embeddable":true,"href":"https:\/\/www.steinmannverlag.de\/wordpress\/wp-json\/wp\/v2\/users\/1"}],"replies":[{"embeddable":true,"href":"https:\/\/www.steinmannverlag.de\/wordpress\/wp-json\/wp\/v2\/comments?post=642"}],"version-history":[{"count":275,"href":"https:\/\/www.steinmannverlag.de\/wordpress\/wp-json\/wp\/v2\/pages\/642\/revisions"}],"predecessor-version":[{"id":2120,"href":"https:\/\/www.steinmannverlag.de\/wordpress\/wp-json\/wp\/v2\/pages\/642\/revisions\/2120"}],"wp:attachment":[{"href":"https:\/\/www.steinmannverlag.de\/wordpress\/wp-json\/wp\/v2\/media?parent=642"}],"curies":[{"name":"wp","href":"https:\/\/api.w.org\/{rel}","templated":true}]}}