{"id":1809,"date":"2024-04-22T13:44:18","date_gmt":"2024-04-22T11:44:18","guid":{"rendered":"https:\/\/www.steinmannverlag.de\/wordpress\/?page_id=1809"},"modified":"2024-04-22T15:50:58","modified_gmt":"2024-04-22T13:50:58","slug":"backlist","status":"publish","type":"page","link":"https:\/\/www.steinmannverlag.de\/wordpress\/backlist\/","title":{"rendered":"Backlist"},"content":{"rendered":"\n<div><strong>Franco Rest und Gisela Rest-Hartjes<\/strong><\/div>\n<div><strong><em>Schwere-Stunden-Poesie<\/em><br \/><\/strong><\/div>\n<div><em>Gedichte und Poetik im Angesicht des Todes und anderer Krisen<br \/><\/em><\/div>\n<div><em>2014. <\/em><em>204 Seiten. Paperback.<\/em><em> \u20ac 22,80.<\/em><\/div>\n<div><em>ISBN 978-3-927043-58-9<br \/><\/em><\/div>\n<div>\u00a0<\/div>\n<p><a href=\"http:\/\/www.steinmannverlag.de\/wordpress\/wp-content\/uploads\/2011\/10\/cover_schwere-stunden-poesie.jpg\"><img decoding=\"async\" loading=\"lazy\" class=\"alignnone size-full wp-image-1027\" title=\"cover_schwere-stunden-poesie\" src=\"http:\/\/www.steinmannverlag.de\/wordpress\/wp-content\/uploads\/2011\/10\/cover_schwere-stunden-poesie.jpg\" alt=\"\" width=\"203\" height=\"271\" \/><\/a><\/p>\n<p style=\"text-align: left;\">Poesie aus &#8222;Schweren Stunden&#8220; und f\u00fcr diese verfassen die beiden Autoren, seit sie selbst von lebensverk\u00fcrzender Krankheit betroffen sind. Verdichtete Sprache l\u00e4sst das Leben &#8222;dichter&#8220; werden. Ein Buch, in dem es auch um \u00dcberlegungen zur Poesietherapie sowie um Gedankeng\u00e4nge zum Umgang von Dichtern &#8211; wie Rilke, Novalis und Adelbert von Chamisso &#8211; mit schwerer Krankheit, Sterben, Tod und Trauer geht.<\/p>\n<p><a href=\"http:\/\/www.steinmannverlag.de\/wordpress\/buecher\/schwere-stunden-poesie\/\">Buchbesprechung<\/a><\/p>\n<hr \/>\n<div>Peter Godzik (Hg.)<strong><br \/><em>Die Kunst der Sterbebegleitung<\/em><\/strong><em><br \/>Handbuch zur Begleitung <\/em><em>Schwerkranker<br \/>und Sterbender<br \/>2013. <\/em><em>182 Seiten. Paperback.<\/em><em><br \/>M<em>it diversen Farbabbildungen &#8211; u.a.<br \/>von Ferdinand Hodler. <\/em>\u20ac 24,80.<\/em><\/div>\n<div><em>ISBN 978-3-927043-48-0<br \/><\/em><\/div>\n<div>\u00a0<\/div>\n<p><a href=\"http:\/\/www.steinmannverlag.de\/wordpress\/wp-content\/uploads\/2013\/01\/cover_kunst.jpg\"><img decoding=\"async\" loading=\"lazy\" class=\"alignnone size-full wp-image-807\" title=\"Die Kunst der Sterbebegleitung\" src=\"http:\/\/www.steinmannverlag.de\/wordpress\/wp-content\/uploads\/2013\/01\/cover_kunst.jpg\" alt=\"\" width=\"203\" height=\"266\" \/><\/a><\/p>\n<p style=\"text-align: left;\">Mit diesem Buch m\u00f6chten Herausgeber und Verlag erreichen, dass Menschen, die Sterbende begleiten, in die Lage versetzt werden, ein geeignetes Begleitbuch f\u00fcr ihre pers\u00f6nliche Vorbereitung auf das Sterben und den einsetzenden Trauerprozess zur Verf\u00fcgung zu haben. Gerade in solchen F\u00e4llen hat sich die vorliegende Sammlung besonders bew\u00e4hrt.<\/p>\n<p><a href=\"http:\/\/www.steinmannverlag.de\/wordpress\/buecher\/die-kunst-der-sterbebegleitung\/\">Buchbesprechung<\/a><\/p>\n<hr \/>\n<p>Peter Godzik (Hg.)<strong><em><br \/>Sterbebegleitung &#8211; herzlich und zugewandt<\/em><\/strong><br \/>Mit zahlreichen praktischen Hilfen<em><br \/>2012. <\/em><em>176 Seiten. Paperback.<\/em><em><br \/>M<em>it diversen Farbabbildungen. <\/em>\u20ac 22,80.<\/em><em><br \/>ISBN 978-3-927043-50-3<br \/><\/em><\/p>\n<p><a href=\"http:\/\/www.steinmannverlag.de\/wordpress\/wp-content\/uploads\/2011\/10\/sterbebegleitung.jpg\"><img decoding=\"async\" loading=\"lazy\" title=\"sterbebegleitung\" src=\"http:\/\/www.steinmannverlag.de\/wordpress\/wp-content\/uploads\/2011\/10\/sterbebegleitung.jpg\" alt=\"\" width=\"203\" height=\"266\" \/><\/a><\/p>\n<p style=\"text-align: left;\">Wer Sterbende begleitet, wird selber tief ber\u00fchrt und existentiell herausgefordert. Der eigene Umgang mit Sterben, Tod und Trauer ist zu bedenken und die Frage, wie es gelingt, einem sterbenden Menschen so beizustehen, dass er seine letzte Lebensphase in W\u00fcrde und Hoffnung beschlie\u00dfen kann.<\/p>\n<p style=\"text-align: left;\">Das vorliegende Buch ist als Lese- und Arbeitsbuch f\u00fcr alle gedacht, die beruflich oder famili\u00e4r mit Schwerkranken oder Sterbenden zu tun haben. Es h\u00e4lt auch ganz praktische Hilfen und Vorschl\u00e4ge bereit.<\/p>\n<p><a href=\"http:\/\/www.steinmannverlag.de\/wordpress\/buecher\/sterbebegleitung-herzlich-und-zugewandt\/\">Buchbesprechung<\/a><\/p>\n<hr \/>\n<p>Peter Godzik (Hg.) <strong><br \/>Trauernden nahe sein<\/strong><em><br \/>Ein Lern- und Lebensweg<br \/>2011. <\/em><em>200 Seiten. Paperback.<\/em><em><br \/>M<em>it 25 Farbabbildungen. <\/em>\u20ac 23,80.<\/em><\/p>\n<p><a href=\"http:\/\/www.steinmannverlag.de\/wordpress\/wp-content\/uploads\/2010\/02\/cover_trauer_zwei.jpg\"><img decoding=\"async\" loading=\"lazy\" title=\"cover_trauer_zwei\" src=\"http:\/\/www.steinmannverlag.de\/wordpress\/wp-content\/uploads\/2010\/02\/cover_trauer_zwei.jpg\" alt=\"\" width=\"203\" height=\"266\" \/><\/a><\/p>\n<p style=\"text-align: left;\">Ein wichtiges Buch, um zu lernen, wie man Menschen, die trauern, begleiten und tr\u00f6sten kann. Nicht als &#8222;leidiger Tr\u00f6ster&#8220; oder irgendwie &#8222;besserwisserisch&#8220;, sondern mitmenschlich nah, aufmerksam im Begleiten und Zuh\u00f6ren, damit die Trauernden sich so f\u00fchlen k\u00f6nnen: wahrgenommen, begleitet, geh\u00f6rt, verstanden, weitergegangen, geblieben, losgelassen, aufgestanden. Wunderbare Texte aus Literatur, Philosophie, Theologie und Psychologie bef\u00f6rdern diese acht Schritte guter Trauerbegleitung.<\/p>\n<p><a href=\"http:\/\/www.steinmannverlag.de\/wordpress\/buecher\/trauernden-nahe-sein\/\">Buchbesprechung<\/a><\/p>\n<hr \/>\n<p>Peter Godzik (Hg.)<strong><br \/>Der eigenen Trauer begegnen<\/strong><em><br \/>Ein Lebens- und Lernbuch<br \/>2011. <\/em><em>156 Seiten. Paperback.<\/em><em><br \/>M<em>it 25 Farbabbildungen. <\/em>\u20ac 21,80.<\/em><\/p>\n<p><a href=\"http:\/\/www.steinmannverlag.de\/wordpress\/wp-content\/uploads\/2011\/10\/cover_trauer.jpg\"><img decoding=\"async\" loading=\"lazy\" title=\"cover_trauer\" src=\"http:\/\/www.steinmannverlag.de\/wordpress\/wp-content\/uploads\/2011\/10\/cover_trauer.jpg\" alt=\"\" width=\"203\" height=\"266\" \/><\/a><\/p>\n<p style=\"text-align: left;\">Ein Buch, das trauernden Menschen sensibler Wegbegleiter und Helfer sein m\u00f6chte. Ich kann darin lesen und betrachten, nachdenken und allm\u00e4hlich verstehen. Ich begegne unterschiedlichen Stimmen und Ansichten und finde meinen ganz pers\u00f6nlichen Trauerweg.<\/p>\n<p><a href=\"http:\/\/www.steinmannverlag.de\/wordpress\/buecher\/der-eigenen-trauer-begegnen\/\">Buchbesprechung<\/a><\/p>\n<hr \/>\n<p><strong>Leitungshandbuch<\/strong><em><br \/><strong>Sei nahe in schweren Zeiten<\/strong><\/em><em><br \/><\/em>Handreichung zur Vorbereitung von Ehrenamtlichen<br \/>in der Trauerbegleitung<em><br \/>Herausgegeben im Auftrag des Diakonischen Werkes<br \/>Schleswig-Holstein und des Diakonischen Werkes<br \/>Mecklenburg-Vorpommern von Peter Godzik in<br \/>Zusammenarbeit mit Gerlinde Martins und Barbara Wilkens.<br \/>2011. <\/em><em>186 Seiten. CD<\/em><em>-ROM.<br \/>M<em>it diversen Farbabbildungen. <\/em>\u20ac 19,80.<\/em><\/p>\n<p><strong><a href=\"http:\/\/www.steinmannverlag.de\/wordpress\/wp-content\/uploads\/2010\/02\/leitungshandbuch_cd.jpg\"><img decoding=\"async\" loading=\"lazy\" title=\"leitungshandbuch_cd\" src=\"http:\/\/www.steinmannverlag.de\/wordpress\/wp-content\/uploads\/2010\/02\/leitungshandbuch_cd.jpg\" alt=\"\" width=\"203\" height=\"202\" \/><\/a><br \/><\/strong><\/p>\n<p style=\"text-align: left;\">Die beiden soeben erschienenen B\u00fccher &#8222;Der eigenen Trauer begegnen&#8220; und &#8222;Trauernden nahe sein&#8220; werden durch das Leitungshandbuch didaktisch erschlossen. Die jeweils acht vorgeschlagenen Schritte im Grund- und Vertiefungskurs sind in der Praxis erprobt und haben sich als geeignetes Curriculum f\u00fcr die Abhaltung von Trauerkursen mit Ehrenamtlichen vor Ort bew\u00e4hrt.<\/p>\n<p><a href=\"http:\/\/www.steinmannverlag.de\/wordpress\/buecher\/cd-trauernden-nahe-sein\/\">Klappentext\/Buchbesprechung<\/a><\/p>\n<hr \/>\n<p>Peter Godzik<strong><br \/>Hospizlich engagiert<br \/><\/strong><em>Erfahrungen und Impulse aus drei Jahrzehnten<br \/>2011. 240 Seiten. Paperback. \u20ac 24,80.<\/em><\/p>\n<p><a href=\"http:\/\/www.steinmannverlag.de\/wordpress\/wp-content\/uploads\/2010\/02\/hospizlich_cover_web.jpg\"><img decoding=\"async\" loading=\"lazy\" title=\"hospizlich_cover_web\" src=\"http:\/\/www.steinmannverlag.de\/wordpress\/wp-content\/uploads\/2010\/02\/hospizlich_cover_web.jpg\" alt=\"\" width=\"203\" height=\"260\" \/><\/a><\/p>\n<p style=\"text-align: left;\">Die in diesem wichtigen Buch versammelten Beitr\u00e4ge dokumentieren die Entwicklung der Hospizarbeit in Deutschland \u00fcber einen Zeitraum von 24 Jahren. Der Autor ist Nordelbischer Beauftragter f\u00fcr die Begleitung Sterbender in Zusammenarbeit mit dem Diakonischen Werk Schleswig-Holstein.<\/p>\n<p><a href=\"http:\/\/www.steinmannverlag.de\/wordpress\/2011\/05\/17\/hospizlich-engagiert\/\">Buchbesprechung<\/a><\/p>\n<hr \/>\n<div><strong>Peter Godzik<br \/><em>Der Weg ins Licht<\/em><\/strong><em><br \/>Ein Lesebuch zu letzten Fragen des Lebens<\/em><em><br \/>2015. <\/em><em>236 Seiten. Paperback. Mit Farbabbildungen<br \/>von Sabine Schellhorn.<\/em><em> \u20ac 24,80.<\/em><\/div>\n<div><em>ISBN 978-3-927043-63-3<br \/><\/em><\/div>\n<div>\u00a0<\/div>\n<p><a href=\"http:\/\/www.steinmannverlag.de\/wordpress\/wp-content\/uploads\/2011\/10\/cover_der_weg_ins_licht.jpg\"><img decoding=\"async\" loading=\"lazy\" class=\"alignnone size-full wp-image-1073\" title=\"cover_der_weg_ins_licht\" src=\"http:\/\/www.steinmannverlag.de\/wordpress\/wp-content\/uploads\/2011\/10\/cover_der_weg_ins_licht.jpg\" alt=\"cover_der_weg_ins_licht\" width=\"203\" height=\"273\" \/><\/a><\/p>\n<p style=\"text-align: left;\">Niemand kann beweisen, dass es ein Leben nach dem Tod gibt. Aber genauso gilt auch: Niemand kann beweisen, dass mit dem Tod alles zu Ende ist. Peter Godzik besch\u00e4ftigt sich in seinem Buch mit den letzten Fragen des Lebens und schenkt der Leserin\/dem Leser eine wunderbare Sammlung von Texten, die den Weg ebnen zu einem Verst\u00e4ndnis menschlichen Seins, das \u00fcber sich selbst hinausweist.<br \/>Das Buch ist ein Pl\u00e4doyer f\u00fcr die tiefe und tr\u00f6stliche Wahrheit der christlichen Auferstehungshoffnung.<\/p>\n<p><a href=\"http:\/\/www.steinmannverlag.de\/wordpress\/buecher\/der-weg-ins-licht\/\">Buchbesprechung<\/a><\/p>\n<hr \/>\n<div><strong>Peter Stolt<br \/><em>Matth\u00e4us und seine Jesusgeschichten<\/em><\/strong><em><br \/>Ausgew\u00e4hlte Abschnitte aus dem Evangelium<\/em><em><br \/>2015. <\/em><em>200 Seiten. Paperback.<\/em><em> \u20ac 17,80.<\/em><\/div>\n<div><em>ISBN 978-3-927043-64-0<br \/><\/em><\/div>\n<div>\u00a0<\/div>\n<p><a href=\"http:\/\/www.steinmannverlag.de\/wordpress\/wp-content\/uploads\/2011\/10\/cover_matthaeus_und_seine_jesusgeschichten.jpg\"><img decoding=\"async\" loading=\"lazy\" class=\"alignnone size-full wp-image-1071\" title=\"cover_matthaeus_und_seine_jesusgeschichten\" src=\"http:\/\/www.steinmannverlag.de\/wordpress\/wp-content\/uploads\/2011\/10\/cover_matthaeus_und_seine_jesusgeschichten.jpg\" alt=\"cover_matthaeus_und_seine_jesusgeschichten\" width=\"203\" height=\"327\" srcset=\"https:\/\/www.steinmannverlag.de\/wordpress\/wp-content\/uploads\/2011\/10\/cover_matthaeus_und_seine_jesusgeschichten.jpg 203w, https:\/\/www.steinmannverlag.de\/wordpress\/wp-content\/uploads\/2011\/10\/cover_matthaeus_und_seine_jesusgeschichten-186x300.jpg 186w\" sizes=\"(max-width: 203px) 100vw, 203px\" \/><\/a><\/p>\n<p style=\"text-align: left;\">Brilliant nimmt der Autor den Dialog mit dem Evangelisten Matth\u00e4us auf. In dieses Gespr\u00e4ch bezieht er die Leserin\/den Leser mit ein und schenkt ganz neue Einsichten und Perspektiven, die dem Verstehen und dem Glauben dienen.<br \/>Der &#8222;garstige Graben der Geschichte&#8220;? Er wird in diesem Buch spielend leicht \u00fcbersprungen. Das Licht der Jesusgeschichten kommt zum Vorschein.<\/p>\n<p><a href=\"http:\/\/www.steinmannverlag.de\/wordpress\/buecher\/matthaeus-und-seine-jesusgeschichten\/\">Buchbesprechung<\/a><\/p>\n<hr \/>\n<div><strong>Hildebrand Henatsch<\/strong><\/div>\n<div><strong><em>Herkunft und Entwicklung des Glaubens an Gott<\/em><br \/><\/strong><\/div>\n<div><em>Ein Streifzug durch Bibel und Theologiegeschichte<br \/><\/em><\/div>\n<div><em>2014. <\/em><em>164 Seiten. Paperback.<\/em><em> \u20ac 16,80.<\/em><\/div>\n<div><em>ISBN 978-3-927043-56-5<br \/><\/em><\/div>\n<div>\u00a0<\/div>\n<p><a href=\"http:\/\/www.steinmannverlag.de\/wordpress\/wp-content\/uploads\/2011\/10\/cover_herkunft_und_entwicklung_des_glaubens_an_gott.jpg\"><img decoding=\"async\" loading=\"lazy\" class=\"alignnone size-full wp-image-1028\" title=\"cover_herkunft_und_entwicklung_des_glaubens_an_gott\" src=\"http:\/\/www.steinmannverlag.de\/wordpress\/wp-content\/uploads\/2011\/10\/cover_herkunft_und_entwicklung_des_glaubens_an_gott.jpg\" alt=\"\" width=\"203\" height=\"325\" srcset=\"https:\/\/www.steinmannverlag.de\/wordpress\/wp-content\/uploads\/2011\/10\/cover_herkunft_und_entwicklung_des_glaubens_an_gott.jpg 203w, https:\/\/www.steinmannverlag.de\/wordpress\/wp-content\/uploads\/2011\/10\/cover_herkunft_und_entwicklung_des_glaubens_an_gott-187x300.jpg 187w\" sizes=\"(max-width: 203px) 100vw, 203px\" \/><\/a><\/p>\n<p style=\"text-align: left;\">Dem Autor gelingt es, einen weiten Bogen zu spannen: Schwierige Gedankeng\u00e4nge werden verst\u00e4ndlich, plausibel und spannend nachgezeichnet. Der Umfang des Stoffes auf ein \u00fcberschaubares Ma\u00df erhellend begrenzt und &#8222;wesentlich&#8220; elementarisiert. Ein Streifzug durch Bibel und Theologiegeschichte: von der Antike bis in unsere Zeit, der f\u00fcr den interessierten Leser zu einem Abenteuer wird.<\/p>\n<p><a href=\"http:\/\/www.steinmannverlag.de\/wordpress\/buecher\/herkunft-und-entwicklung-des-glaubens-an-gott\/\">Buchbesprechung<\/a><\/p>\n<hr \/>\n<div><strong>Christoph Huppenbauer<br \/><em>Vergebung &#8211; Zumutung des Glaubens<\/em><\/strong><\/div>\n<div><em>Herausforderung f\u00fcr kirchliches Handeln<\/em><\/div>\n<div><em>2014. <\/em><em>76 Seiten. Paperback.<\/em><em> \u20ac 9,80.<\/em><\/div>\n<div><em>ISBN 978-3-927043-61-9<br \/><\/em><\/div>\n<div>\u00a0<\/div>\n<p><a href=\"http:\/\/www.steinmannverlag.de\/wordpress\/wp-content\/uploads\/2011\/10\/cover_huppenbauer_klein.jpg\"><img decoding=\"async\" loading=\"lazy\" class=\"alignnone size-full wp-image-995\" title=\"Cover Vergebung - Zumutung des Glaubens\" src=\"http:\/\/www.steinmannverlag.de\/wordpress\/wp-content\/uploads\/2011\/10\/cover_huppenbauer_klein.jpg\" alt=\"Cover Vergebung - Zumutung des Glaubens\" width=\"203\" height=\"325\" srcset=\"https:\/\/www.steinmannverlag.de\/wordpress\/wp-content\/uploads\/2011\/10\/cover_huppenbauer_klein.jpg 203w, https:\/\/www.steinmannverlag.de\/wordpress\/wp-content\/uploads\/2011\/10\/cover_huppenbauer_klein-187x300.jpg 187w\" sizes=\"(max-width: 203px) 100vw, 203px\" \/><\/a><\/p>\n<p style=\"text-align: left;\">Das Buch er\u00f6ffnet eine konkrete Perspektive, wie der Teufelskreis der Vergeltung durchbrochen werden kann durch die befreiende Kraft der Vergebung.<\/p>\n<p><a href=\"http:\/\/www.steinmannverlag.de\/wordpress\/buecher\/vergebung-zumutung-des-glaubens\/\">Buchbesprechung<\/a><\/p>\n<hr \/>\n<div><strong>Christa M\u00f6bius<br \/><em>Das Nest im Feigenbaum<\/em><\/strong><em><br \/>Die fr\u00fche Gemeinde Jesu in Kapernaum<\/em><em><br \/>2013. <\/em><em>100 Seiten. Paperback.<\/em><em><br \/>\u20ac 11,80.<\/em><\/div>\n<div><em>ISBN 978-3-927043-53-4<br \/><\/em><\/div>\n<div>\u00a0<\/div>\n<p><a href=\"http:\/\/www.steinmannverlag.de\/wordpress\/wp-content\/uploads\/2011\/10\/cover_moebius_web.jpg\"><img decoding=\"async\" loading=\"lazy\" class=\"alignnone size-full wp-image-889\" title=\"cover_moebius_web\" src=\"http:\/\/www.steinmannverlag.de\/wordpress\/wp-content\/uploads\/2011\/10\/cover_moebius_web.jpg\" alt=\"\" width=\"160\" height=\"255\" \/><\/a><\/p>\n<p style=\"text-align: left;\">Wer miterleben will, wie in Galil\u00e4a die ersten christlichen Gruppen entstanden sind, der lasse sich von dieser Erz\u00e4hlung nach Kapernaum an den See Genezareth mitnehmen. Schon w\u00e4hrend Jesus mit seinen J\u00fcngerinnen und J\u00fcngern zum Passafest unterwegs ist, von dem er nicht mehr zur\u00fcck kommt, beginnen andere, die er geheilt und begeistert hat, sich als neue Familie zusammen zu finden. Christa M\u00f6bius gelingt eine faszinierende Reise zu den Anf\u00e4ngen der christlichen Gemeinde.<\/p>\n<p><a href=\"http:\/\/www.steinmannverlag.de\/wordpress\/buecher\/das-nest-im-feigenbaum\/\">Buchbesprechung<\/a><\/p>\n<hr \/>\n<p>Robert M. Zoske<br \/><strong>Flugversuche<br \/><\/strong><em>2008. 136 Seiten. Paperback. \u20ac 14,80.<br \/><\/em><\/p>\n<p><a href=\"http:\/\/www.steinmannverlag.de\/wordpress\/wp-content\/uploads\/2010\/03\/275.jpg\"><img decoding=\"async\" loading=\"lazy\" class=\"alignnone size-full wp-image-218\" title=\"275\" src=\"http:\/\/www.steinmannverlag.de\/wordpress\/wp-content\/uploads\/2010\/03\/275.jpg\" alt=\"Flugversuche\" width=\"160\" height=\"246\" \/><\/a><\/p>\n<p style=\"text-align: left;\">Radioandachten und Texte mit zahlreichen Farb- und<br \/>s\/w-Abbildungen NDRkultur, NDRInfo<\/p>\n<p><a href=\"http:\/\/www.steinmannverlag.de\/wordpress\/2010\/04\/07\/flugversuche\/\">Buchbesprechung<\/a><\/p>\n<hr \/>\n<p>Helge Adolphsen, Torsten Jantsch, Martina Severin-Kaiser<br \/><strong>Den gemeinsamen Glauben bekennen<br \/><\/strong><em>2009. 136 Seiten. Paperback. \u20ac 14,80.<br \/><\/em><\/p>\n<p><a href=\"http:\/\/www.steinmannverlag.de\/wordpress\/wp-content\/uploads\/2010\/03\/2401.jpg\"><img decoding=\"async\" loading=\"lazy\" class=\"alignnone size-full wp-image-245\" title=\"240\" src=\"http:\/\/www.steinmannverlag.de\/wordpress\/wp-content\/uploads\/2010\/03\/2401.jpg\" alt=\"Den gemeinsamen Glauben bekennen\" width=\"160\" height=\"255\" \/><\/a><\/p>\n<p>Ein wichtiges Buch der ACKH zum Thema &#8222;\u00d6kumene&#8220;.<\/p>\n<p><a href=\"http:\/\/www.steinmannverlag.de\/wordpress\/2010\/04\/07\/den-gemeinsamen\/\">Buchbesprechung<\/a><\/p>\n<hr \/>\n<p>Hildebrand Henatsch<br \/><strong>Jesus Christus &#8211; Provokateur zum Leben<br \/><\/strong><em>2010. 94 Seiten. Paperback. \u20ac 12,80.<br \/><\/em><\/p>\n<p><a href=\"http:\/\/www.steinmannverlag.de\/wordpress\/wp-content\/uploads\/2010\/03\/Cover_Provokateur.jpg\"><img decoding=\"async\" loading=\"lazy\" class=\"alignnone size-full wp-image-465\" title=\"Cover_Provokateur\" src=\"http:\/\/www.steinmannverlag.de\/wordpress\/wp-content\/uploads\/2010\/03\/Cover_Provokateur.jpg\" alt=\"Jesus Christus - Provokateur zum Leben\" width=\"160\" height=\"255\" \/><\/a><\/p>\n<p style=\"text-align: left;\">Was es hei\u00dft, an Jesus Christus zu glauben, erf\u00e4hrt man hier auf\u00a0 faszinierenden 92 Seiten.<\/p>\n<p><a href=\"http:\/\/www.steinmannverlag.de\/wordpress\/2010\/05\/16\/jesus-christus-provokateur-zum-gluck\/\">Buchbesprechung<\/a><\/p>\n<hr \/>\n<p>Friedel Steinmann, Werner Steinmann<br \/><strong>ABRAHAM UND JOSEPH<br \/><\/strong><em>2003. 128 Seiten. Paperback<\/em>. \u20ac 11,80.<\/p>\n<p><a href=\"http:\/\/www.steinmannverlag.de\/wordpress\/wp-content\/uploads\/2010\/03\/2061.jpg\"><img decoding=\"async\" loading=\"lazy\" class=\"alignnone size-full wp-image-243\" title=\"206\" src=\"http:\/\/www.steinmannverlag.de\/wordpress\/wp-content\/uploads\/2010\/03\/2061.jpg\" alt=\"Abraham und Joseph\" width=\"160\" height=\"246\" \/><\/a><\/p>\n<p style=\"text-align: left;\">Neuauflage der ersten beiden B\u00e4nde der erfolgreichen Bibelcomicreihe.<\/p>\n<p><a href=\"http:\/\/www.steinmannverlag.de\/wordpress\/2010\/04\/07\/abraham\/\">Buchbesprechung<\/a><\/p>\n<hr \/>\n<div><strong>Hans-Christoph Go\u00dfmann<br \/><em>Offener Himmel &#8211; weiter Raum<\/em><\/strong><em><br \/>Inhalte christlichen Glaubens<\/em><em><br \/>2013. <\/em><em>296 Seiten. Paperback.<\/em><em><br \/>\u20ac 27,80.<\/em><\/div>\n<div><em>ISBN 978-3-927043-54-1<br \/><\/em><\/div>\n<div>\u00a0<\/div>\n<p><a href=\"http:\/\/www.steinmannverlag.de\/wordpress\/wp-content\/uploads\/2011\/10\/cover_offener_himmel_klein.jpg\"><img decoding=\"async\" loading=\"lazy\" class=\"alignnone size-full wp-image-899\" title=\"cover_offener_himmel_klein\" src=\"http:\/\/www.steinmannverlag.de\/wordpress\/wp-content\/uploads\/2011\/10\/cover_offener_himmel_klein.jpg\" alt=\"\" width=\"203\" height=\"265\" \/><\/a><\/p>\n<p><!-- [if gte mso 9]><xml> <w:WordDocument> <w:View>Normal<\/w:View> <w:Zoom>0<\/w:Zoom> <w:HyphenationZone>21<\/w:HyphenationZone> <w:Compatibility> <w:BreakWrappedTables \/> <w:SnapToGridInCell \/> <w:ApplyBreakingRules \/> <w:WrapTextWithPunct \/> <w:UseAsianBreakRules \/> <w:UseFELayout \/> <\/w:Compatibility> <w:BrowserLevel>MicrosoftInternetExplorer4<\/w:BrowserLevel> <\/w:WordDocument> <\/xml><![endif]--><\/p>\n<p><!-- [if gte mso 10]> <mce:style><! \/* Style Definitions *\/ table.MsoNormalTable {mso-style-name:\"Normale Tabelle\"; mso-tstyle-rowband-size:0; mso-tstyle-colband-size:0; mso-style-noshow:yes; mso-style-parent:\"\"; mso-padding-alt:0cm 5.4pt 0cm 5.4pt; mso-para-margin:0cm; mso-para-margin-bottom:.0001pt; mso-pagination:widow-orphan; font-size:10.0pt; font-family:\"Times New Roman\"; mso-fareast-font-family:\"Times New Roman\";} --> <!--[endif] --><\/p>\n<p class=\"MsoNormal\" style=\"text-align: left;\">Wer dieses Buch von Hans-Christoph Go\u00dfmann liest, wird von der Weite und dem Reichtum der theologischen Gedankenf\u00fchrung fasziniert sein. Seine Texte in Predigtform zu einzelnen Themen des christlichen Glaubens und zu Stationen des Kirchenjahres \u00fcberzeugen durch Klarheit und Pr\u00e4gnanz. Sie schl\u00fcsseln die jeweiligen historischen und theologischen Sachverhalte mit leichter Hand auf und lassen den Leser die Schritte gehen, die wegweisend sind f\u00fcr ein neues Verst\u00e4ndnis des christlichen Glaubens in unserer Zeit.<\/p>\n<p><a href=\"http:\/\/www.steinmannverlag.de\/wordpress\/buecher\/offener-himmel-weiter-raum\/\">Buchbesprechung<\/a><\/p>\n<hr \/>\n<div>Heinrich Wagner<\/div>\n<div><strong><em>Glut<\/em><\/strong><\/div>\n<div><em>Predigten zum Lesejahr C \/ Mit H\u00f6rbuch<br \/>2012. <\/em><em>144 Seiten. Paperback.<\/em><em><br \/><\/em><\/div>\n<div><em>\u20ac 19,80 (D) \/ \u20ac 20,30 (A).<\/em><\/div>\n<div><em>ISBN 978-3-927043-51-0<br \/><\/em><\/div>\n<div>\u00a0<\/div>\n<div>\n<p><a href=\"http:\/\/www.steinmannverlag.de\/wordpress\/wp-content\/uploads\/2011\/10\/glut.jpg\"><img decoding=\"async\" loading=\"lazy\" class=\"alignnone size-full wp-image-773\" title=\"glut\" src=\"http:\/\/www.steinmannverlag.de\/wordpress\/wp-content\/uploads\/2011\/10\/glut.jpg\" alt=\"\" width=\"203\" height=\"266\" \/><\/a><\/p>\n<p style=\"text-align: left;\">Die Predigttexte dieses Buches sind dem gesprochenen Wort &#8222;abgelauscht&#8220; und tragen so bewusst den Charakter der m\u00fcndlichen Rede: lebendig und voller Zauber.<\/p>\n<p style=\"text-align: left;\">Der Autor hat den Celler Predigtpreis 2008 erhalten.<\/p>\n<p><a href=\"http:\/\/www.steinmannverlag.de\/wordpress\/buecher\/glut\/\">Buchbesprechung<\/a><\/p>\n<hr \/>\n<div><strong>Ingo Sperl<\/strong><\/div>\n<div><strong><em>In Teufels K\u00fcche<\/em><br \/><\/strong><\/div>\n<div><em>Leben mit einer chronischen Krankheit und ihren Folgen<\/em><\/div>\n<div><em>Mit einem Nachwort von Sigrid Klimbingat<br \/><\/em><\/div>\n<div><em>2014. <\/em><em>232 Seiten. Paperback.<\/em><em> \u20ac 19,80.<\/em><\/div>\n<div><em>ISBN 978-3-927043-59-6<br \/><\/em><\/div>\n<div>\u00a0<\/div>\n<p><a href=\"http:\/\/www.steinmannverlag.de\/wordpress\/wp-content\/uploads\/2011\/10\/cover_in_teufels_kueche.jpg\"><img decoding=\"async\" loading=\"lazy\" class=\"alignnone size-full wp-image-1026\" title=\"cover_in_teufels_kueche\" src=\"http:\/\/www.steinmannverlag.de\/wordpress\/wp-content\/uploads\/2011\/10\/cover_in_teufels_kueche.jpg\" alt=\"\" width=\"203\" height=\"273\" \/><\/a><\/p>\n<p style=\"text-align: left;\">Es ist nicht das erste Buch, das Dr. Ingo Sperl geschrieben hat, aber mit Sicherheit das pers\u00f6nlichste und mutigste. &#8222;In Teufels K\u00fcche&#8220; ist die Geschichte eines chronisch Kranken und zugleich die Geschichte eines au\u00dfergew\u00f6hnlichen Menschen und Seelsorgers.<\/p>\n<p><a href=\"http:\/\/www.steinmannverlag.de\/wordpress\/buecher\/in-teufels-kueche\/\">Buchbesprechung<\/a><\/p>\n<hr \/>\n<p>Maren Meisel<br \/><strong>Berthas Haus<br \/><\/strong><em>2012. 84 Seiten. Paperback<\/em>. \u20ac 9,80.<\/p>\n<p><a href=\"http:\/\/www.steinmannverlag.de\/wordpress\/wp-content\/uploads\/2010\/03\/CoverBerthasHaus1.jpg\"><img decoding=\"async\" loading=\"lazy\" class=\"alignnone size-full wp-image-939\" title=\"Cover Berthas Haus\" src=\"http:\/\/www.steinmannverlag.de\/wordpress\/wp-content\/uploads\/2010\/03\/CoverBerthasHaus1.jpg\" alt=\"\" width=\"160\" height=\"256\" \/><\/a><\/p>\n<p style=\"text-align: left;\">&#8222;Berthas Haus&#8220; erz\u00e4hlt die faszinierende Geschichte einer starken Frau, die zusammen mit ihrer Familie den schicksalhaften Herausforderungen ihrer Zeit begegnet.<\/p>\n<p style=\"text-align: left;\">Maren Meisel schafft ein leidenschaftliches Zeugnis Hamburger Geschichte des 20. Jahrhunderts mit all seinen Umbr\u00fcchen in die Gegenwart hinein.<\/p>\n<p><a href=\"http:\/\/www.steinmannverlag.de\/wordpress\/buecher\/berthas-haus\/\">Buchbesprechung<\/a><\/p>\n<hr \/>\n<p>Maren Meisel<br \/><strong>Der Traum vom Gl\u00fcck<br \/><\/strong><em>2009. 108 Seiten. Paperback<\/em>.\u00a0 \u20ac 10,80.<\/p>\n<p><a href=\"http:\/\/www.steinmannverlag.de\/wordpress\/wp-content\/uploads\/2010\/03\/Cover_Der_Traum.jpg\"><img decoding=\"async\" loading=\"lazy\" class=\"alignnone size-full wp-image-461\" title=\"Cover_Der_Traum\" src=\"http:\/\/www.steinmannverlag.de\/wordpress\/wp-content\/uploads\/2010\/03\/Cover_Der_Traum.jpg\" alt=\"Der Traum vom Gl\u00fcck\" width=\"160\" height=\"255\" \/><\/a><\/p>\n<p style=\"text-align: left;\">Ein heiteres und gleichzeitig tiefgr\u00fcndiges Buch mit 34 Geschichten zum Schmunzeln und Nachdenken.<\/p>\n<p><a href=\"http:\/\/www.steinmannverlag.de\/wordpress\/2010\/05\/16\/der-traum-vom-glueck\/ \">Buchbesprechung<\/a><\/p>\n<hr \/>\n<div><strong>Young Bin Lie und Sun Whan Lie<br \/><em>Grenzg\u00e4nger<\/em><\/strong><em><br \/>Eine Autobiographie<\/em><em><br \/>2013. <\/em><em>272 Seiten. Paperback.<\/em><em><br \/>\u20ac 24,80.<\/em><\/div>\n<div><em>ISBN 978-3-927043-43-4<br \/><\/em><\/div>\n<div>\u00a0<\/div>\n<p><a href=\"http:\/\/www.steinmannverlag.de\/wordpress\/wp-content\/uploads\/2011\/10\/cover_grenzgaenger.png\"><img decoding=\"async\" loading=\"lazy\" class=\"alignnone size-full wp-image-919\" title=\"cover_grenzgaenger\" src=\"http:\/\/www.steinmannverlag.de\/wordpress\/wp-content\/uploads\/2011\/10\/cover_grenzgaenger.png\" alt=\"\" width=\"164\" height=\"265\" \/><\/a><\/p>\n<p style=\"text-align: left;\">Young Bin Lie, der sich selbst und seine Frau immer wieder als Grenzg\u00e4nger und als Br\u00fcckenbauer zwischen den Welten versteht \u2013 zwischen Nord- und S\u00fcd- korea, zwischen Asien und Europa, zwischen Christentum und Sozialismus \u2013, schreibt eine bewegende Autobiographie, die neue Impulse setzen kann f\u00fcr eine politische Theologie der Vers\u00f6hnung und die Bedeutung hat f\u00fcr die neuere Kirchengeschichte.<\/p>\n<p><a href=\"http:\/\/www.steinmannverlag.de\/wordpress\/buecher\/grenzganger\/\">Buchbesprechung<\/a><\/p>\n<hr \/>\n<p>Friedel Steinmann<br \/><strong>Willi Witzig<br \/><\/strong><em>2004. 88 Seiten. Paperback<\/em>. \u20ac 9,80.<\/p>\n<p><a href=\"http:\/\/www.steinmannverlag.de\/wordpress\/wp-content\/uploads\/2010\/03\/213.jpg\"><img decoding=\"async\" loading=\"lazy\" class=\"alignnone size-full wp-image-227\" title=\"213\" src=\"http:\/\/www.steinmannverlag.de\/wordpress\/wp-content\/uploads\/2010\/03\/213.jpg\" alt=\"Willy Witzig\" width=\"160\" height=\"223\" \/><\/a><\/p>\n<p style=\"text-align: left;\">Wer herzhaft lachen m\u00f6chte, sollte sich dieses Buch zulegen. &#8222;Willi Witzig&#8220; = wunderbarer Humor!<\/p>\n<p><a href=\"http:\/\/www.steinmannverlag.de\/wordpress\/2010\/04\/07\/willy\/\">Buchbesprechung<\/a><\/p>\n<hr \/>\n<div><strong>Frank K\u00fcrschner-Pelkmann<br \/><em>Babylon &#8211; Mythos und Wirklichkeit<\/em><\/strong><em><br \/>2015. <\/em><em>240 Seiten. Paperback.<\/em><em> \u20ac 24,80.<\/em><\/div>\n<div><em>ISBN 978-3-927043-65-7<br \/><\/em><\/div>\n<div>\u00a0<\/div>\n<p><a href=\"http:\/\/www.steinmannverlag.de\/wordpress\/wp-content\/uploads\/2015\/11\/cover_babylon_klein.jpg\"><img decoding=\"async\" loading=\"lazy\" class=\"alignnone size-full wp-image-1071\" title=\"Cover Babylon\" src=\"http:\/\/www.steinmannverlag.de\/wordpress\/wp-content\/uploads\/2015\/11\/cover_babylon_klein.jpg\" alt=\"Cover Babylon\" width=\"203\" height=\"262\" \/><\/a><\/p>\n<p style=\"text-align: left;\">\u201eVon Babylon lernen hei\u00dft, Vielfalt zu sch\u00e4tzen.\u201c So lautet eine Kernaussage dieses Buches. Babylon, das ist die Stadt des gewaltigen Turms, der Wissenschaft und der Mythen. Bekannt geblieben ist die Stadt am Euphrat aber auch durch die vielen biblischen Texte. In diesem Buch werden historische Realit\u00e4t, biblische Berichte und uralte Mythen zu einem Gesamtbild zusammengef\u00fcgt. Dabei bleiben wie bei einer zerbrochen Keilschrifttafel die Bruchstellen erkennbar. Es entsteht aber trotzdem das Bild einer beeindruckenden Metropole mit einer erstaunlichen \u00dcberlebensf\u00e4higkeit.<\/p>\n<p><a href=\"http:\/\/www.steinmannverlag.de\/wordpress\/buecher\/babylon-mythos-und-wirklichkeit\/\">Buchbesprechung<\/a><\/p>\n<hr \/>\n<div><strong>Ricarda Thaler<br \/><em>Gehe zu den Sternen<\/em><\/strong><em><br \/>Mit Originaltexten von Eva Thaler<\/em><em><br \/>2014. <\/em><em>408 Seiten. Paperback.<\/em><em><br \/>\u20ac 19,80.<\/em><\/div>\n<div><em>ISBN 978-3-927043-57-2<br \/><\/em><\/div>\n<div>\u00a0<\/div>\n<p><a href=\"http:\/\/www.steinmannverlag.de\/wordpress\/wp-content\/uploads\/2011\/10\/cover_gehezudensternen.jpg\"><img decoding=\"async\" loading=\"lazy\" class=\"alignnone size-full wp-image-951\" title=\"Gehe zu den Sternen\" src=\"http:\/\/www.steinmannverlag.de\/wordpress\/wp-content\/uploads\/2011\/10\/cover_gehezudensternen.jpg\" alt=\"\" width=\"203\" height=\"291\" \/><\/a><\/p>\n<p style=\"text-align: left;\">Eine unglaubliche Geschichte. Eine wahre Geschichte.<\/p>\n<p style=\"text-align: left;\">Mit gro\u00dfer Erz\u00e4hlkunst l\u00e4sst uns die Autorin teilhaben am aufregenden Leben mit ihrer &#8222;wundersamen&#8220; Tochter Eva.<\/p>\n<p><a href=\"http:\/\/www.steinmannverlag.de\/wordpress\/buecher\/gehe-zu-den-sternen\/\">Buchbesprechung<\/a><\/p>\n<hr \/>\n<p>Alle Preise inkl. 7% MwSt. bzw. 19% f\u00fcr CD-ROM<\/p>\n<\/div>\n","protected":false},"excerpt":{"rendered":"<p>Franco Rest und Gisela Rest-Hartjes Schwere-Stunden-Poesie Gedichte und Poetik im Angesicht des Todes und anderer Krisen 2014. 204 Seiten. Paperback. \u20ac 22,80. ISBN 978-3-927043-58-9 \u00a0 Poesie aus &#8222;Schweren Stunden&#8220; und f\u00fcr diese verfassen die beiden Autoren, seit sie selbst von lebensverk\u00fcrzender Krankheit betroffen sind. Verdichtete Sprache l\u00e4sst das Leben &#8222;dichter&#8220; werden. Ein Buch, in dem es auch um \u00dcberlegungen zur Poesietherapie sowie um Gedankeng\u00e4nge zum Umgang von Dichtern &#8211; wie Rilke, Novalis und Adelbert von Chamisso &#8211; mit schwerer Krankheit,&#8230;<\/p>\n<p class=\"read-more\"><a class=\"btn btn-default\" href=\"https:\/\/www.steinmannverlag.de\/wordpress\/backlist\/\">Weiterlesen<span class=\"screen-reader-text\"> Weiterlesen<\/span><\/a><\/p>\n","protected":false},"author":1,"featured_media":0,"parent":0,"menu_order":0,"comment_status":"closed","ping_status":"closed","template":"","meta":[],"yoast_head":"<!-- This site is optimized with the Yoast SEO plugin v20.1 - https:\/\/yoast.com\/wordpress\/plugins\/seo\/ -->\n<title>Backlist - Steinmann Verlag<\/title>\n<meta name=\"robots\" content=\"index, follow, max-snippet:-1, max-image-preview:large, max-video-preview:-1\" \/>\n<link rel=\"canonical\" href=\"https:\/\/www.steinmannverlag.de\/wordpress\/backlist\/\" \/>\n<meta property=\"og:locale\" content=\"de_DE\" \/>\n<meta property=\"og:type\" content=\"article\" \/>\n<meta property=\"og:title\" content=\"Backlist - Steinmann Verlag\" \/>\n<meta property=\"og:description\" content=\"Franco Rest und Gisela Rest-Hartjes Schwere-Stunden-Poesie Gedichte und Poetik im Angesicht des Todes und anderer Krisen 2014. 204 Seiten. Paperback. \u20ac 22,80. ISBN 978-3-927043-58-9 \u00a0 Poesie aus &#8222;Schweren Stunden&#8220; und f\u00fcr diese verfassen die beiden Autoren, seit sie selbst von lebensverk\u00fcrzender Krankheit betroffen sind. Verdichtete Sprache l\u00e4sst das Leben &#8222;dichter&#8220; werden. Ein Buch, in dem es auch um \u00dcberlegungen zur Poesietherapie sowie um Gedankeng\u00e4nge zum Umgang von Dichtern &#8211; wie Rilke, Novalis und Adelbert von Chamisso &#8211; mit schwerer Krankheit,...Weiterlesen Weiterlesen\" \/>\n<meta property=\"og:url\" content=\"https:\/\/www.steinmannverlag.de\/wordpress\/backlist\/\" \/>\n<meta property=\"og:site_name\" content=\"Steinmann Verlag\" \/>\n<meta property=\"article:modified_time\" content=\"2024-04-22T13:50:58+00:00\" \/>\n<meta property=\"og:image\" content=\"http:\/\/www.steinmannverlag.de\/wordpress\/wp-content\/uploads\/2011\/10\/cover_schwere-stunden-poesie.jpg\" \/>\n<meta name=\"twitter:card\" content=\"summary_large_image\" \/>\n<meta name=\"twitter:label1\" content=\"Gesch\u00e4tzte Lesezeit\" \/>\n\t<meta name=\"twitter:data1\" content=\"14\u00a0Minuten\" \/>\n<script type=\"application\/ld+json\" class=\"yoast-schema-graph\">{\"@context\":\"https:\/\/schema.org\",\"@graph\":[{\"@type\":\"WebPage\",\"@id\":\"https:\/\/www.steinmannverlag.de\/wordpress\/backlist\/\",\"url\":\"https:\/\/www.steinmannverlag.de\/wordpress\/backlist\/\",\"name\":\"Backlist - Steinmann Verlag\",\"isPartOf\":{\"@id\":\"https:\/\/www.steinmannverlag.de\/wordpress\/#website\"},\"datePublished\":\"2024-04-22T11:44:18+00:00\",\"dateModified\":\"2024-04-22T13:50:58+00:00\",\"breadcrumb\":{\"@id\":\"https:\/\/www.steinmannverlag.de\/wordpress\/backlist\/#breadcrumb\"},\"inLanguage\":\"de\",\"potentialAction\":[{\"@type\":\"ReadAction\",\"target\":[\"https:\/\/www.steinmannverlag.de\/wordpress\/backlist\/\"]}]},{\"@type\":\"BreadcrumbList\",\"@id\":\"https:\/\/www.steinmannverlag.de\/wordpress\/backlist\/#breadcrumb\",\"itemListElement\":[{\"@type\":\"ListItem\",\"position\":1,\"name\":\"Home\",\"item\":\"https:\/\/www.steinmannverlag.de\/wordpress\/\"},{\"@type\":\"ListItem\",\"position\":2,\"name\":\"Backlist\"}]},{\"@type\":\"WebSite\",\"@id\":\"https:\/\/www.steinmannverlag.de\/wordpress\/#website\",\"url\":\"https:\/\/www.steinmannverlag.de\/wordpress\/\",\"name\":\"Steinmann Verlag\",\"description\":\"Litteras Amamus\",\"potentialAction\":[{\"@type\":\"SearchAction\",\"target\":{\"@type\":\"EntryPoint\",\"urlTemplate\":\"https:\/\/www.steinmannverlag.de\/wordpress\/?s={search_term_string}\"},\"query-input\":\"required name=search_term_string\"}],\"inLanguage\":\"de\"}]}<\/script>\n<!-- \/ Yoast SEO plugin. -->","yoast_head_json":{"title":"Backlist - Steinmann Verlag","robots":{"index":"index","follow":"follow","max-snippet":"max-snippet:-1","max-image-preview":"max-image-preview:large","max-video-preview":"max-video-preview:-1"},"canonical":"https:\/\/www.steinmannverlag.de\/wordpress\/backlist\/","og_locale":"de_DE","og_type":"article","og_title":"Backlist - Steinmann Verlag","og_description":"Franco Rest und Gisela Rest-Hartjes Schwere-Stunden-Poesie Gedichte und Poetik im Angesicht des Todes und anderer Krisen 2014. 204 Seiten. Paperback. \u20ac 22,80. ISBN 978-3-927043-58-9 \u00a0 Poesie aus &#8222;Schweren Stunden&#8220; und f\u00fcr diese verfassen die beiden Autoren, seit sie selbst von lebensverk\u00fcrzender Krankheit betroffen sind. Verdichtete Sprache l\u00e4sst das Leben &#8222;dichter&#8220; werden. Ein Buch, in dem es auch um \u00dcberlegungen zur Poesietherapie sowie um Gedankeng\u00e4nge zum Umgang von Dichtern &#8211; wie Rilke, Novalis und Adelbert von Chamisso &#8211; mit schwerer Krankheit,...Weiterlesen Weiterlesen","og_url":"https:\/\/www.steinmannverlag.de\/wordpress\/backlist\/","og_site_name":"Steinmann Verlag","article_modified_time":"2024-04-22T13:50:58+00:00","og_image":[{"url":"http:\/\/www.steinmannverlag.de\/wordpress\/wp-content\/uploads\/2011\/10\/cover_schwere-stunden-poesie.jpg"}],"twitter_card":"summary_large_image","twitter_misc":{"Gesch\u00e4tzte Lesezeit":"14\u00a0Minuten"},"schema":{"@context":"https:\/\/schema.org","@graph":[{"@type":"WebPage","@id":"https:\/\/www.steinmannverlag.de\/wordpress\/backlist\/","url":"https:\/\/www.steinmannverlag.de\/wordpress\/backlist\/","name":"Backlist - Steinmann Verlag","isPartOf":{"@id":"https:\/\/www.steinmannverlag.de\/wordpress\/#website"},"datePublished":"2024-04-22T11:44:18+00:00","dateModified":"2024-04-22T13:50:58+00:00","breadcrumb":{"@id":"https:\/\/www.steinmannverlag.de\/wordpress\/backlist\/#breadcrumb"},"inLanguage":"de","potentialAction":[{"@type":"ReadAction","target":["https:\/\/www.steinmannverlag.de\/wordpress\/backlist\/"]}]},{"@type":"BreadcrumbList","@id":"https:\/\/www.steinmannverlag.de\/wordpress\/backlist\/#breadcrumb","itemListElement":[{"@type":"ListItem","position":1,"name":"Home","item":"https:\/\/www.steinmannverlag.de\/wordpress\/"},{"@type":"ListItem","position":2,"name":"Backlist"}]},{"@type":"WebSite","@id":"https:\/\/www.steinmannverlag.de\/wordpress\/#website","url":"https:\/\/www.steinmannverlag.de\/wordpress\/","name":"Steinmann Verlag","description":"Litteras Amamus","potentialAction":[{"@type":"SearchAction","target":{"@type":"EntryPoint","urlTemplate":"https:\/\/www.steinmannverlag.de\/wordpress\/?s={search_term_string}"},"query-input":"required name=search_term_string"}],"inLanguage":"de"}]}},"_links":{"self":[{"href":"https:\/\/www.steinmannverlag.de\/wordpress\/wp-json\/wp\/v2\/pages\/1809"}],"collection":[{"href":"https:\/\/www.steinmannverlag.de\/wordpress\/wp-json\/wp\/v2\/pages"}],"about":[{"href":"https:\/\/www.steinmannverlag.de\/wordpress\/wp-json\/wp\/v2\/types\/page"}],"author":[{"embeddable":true,"href":"https:\/\/www.steinmannverlag.de\/wordpress\/wp-json\/wp\/v2\/users\/1"}],"replies":[{"embeddable":true,"href":"https:\/\/www.steinmannverlag.de\/wordpress\/wp-json\/wp\/v2\/comments?post=1809"}],"version-history":[{"count":19,"href":"https:\/\/www.steinmannverlag.de\/wordpress\/wp-json\/wp\/v2\/pages\/1809\/revisions"}],"predecessor-version":[{"id":1887,"href":"https:\/\/www.steinmannverlag.de\/wordpress\/wp-json\/wp\/v2\/pages\/1809\/revisions\/1887"}],"wp:attachment":[{"href":"https:\/\/www.steinmannverlag.de\/wordpress\/wp-json\/wp\/v2\/media?parent=1809"}],"curies":[{"name":"wp","href":"https:\/\/api.w.org\/{rel}","templated":true}]}}